{"id":4016,"date":"2026-04-27T09:34:50","date_gmt":"2026-04-27T07:34:50","guid":{"rendered":"https:\/\/www.mcondevolkswagen.com\/info\/?page_id=4016"},"modified":"2026-04-29T16:45:17","modified_gmt":"2026-04-29T14:45:17","slug":"volkswagen-stock-chulo-2026","status":"publish","type":"page","link":"https:\/\/www.mcondevolkswagen.com\/info\/volkswagen-stock-chulo-2026\/","title":{"rendered":"Volkswagen Stock Chulo 2026"},"content":{"rendered":"\t\t<div data-elementor-type=\"wp-page\" data-elementor-id=\"4016\" class=\"elementor elementor-4016\" data-elementor-post-type=\"page\">\n\t\t\t\t<div class=\"elementor-element elementor-element-fa8f109 e-con-full section_video_header elementor-hidden-mobile e-flex e-con e-parent\" data-id=\"fa8f109\" data-element_type=\"container\" data-e-type=\"container\" data-settings=\"{&quot;background_background&quot;:&quot;classic&quot;,&quot;shape_divider_bottom&quot;:&quot;opacity-fan&quot;}\">\n\t\t\t\t<div class=\"elementor-shape elementor-shape-bottom\" aria-hidden=\"true\" data-negative=\"false\">\n\t\t\t<svg xmlns=\"http:\/\/www.w3.org\/2000\/svg\" viewBox=\"0 0 283.5 19.6\" preserveAspectRatio=\"none\">\n\t<path class=\"elementor-shape-fill\" style=\"opacity:0.33\" d=\"M0 0L0 18.8 141.8 4.1 283.5 18.8 283.5 0z\"\/>\n\t<path class=\"elementor-shape-fill\" style=\"opacity:0.33\" d=\"M0 0L0 12.6 141.8 4 283.5 12.6 283.5 0z\"\/>\n\t<path class=\"elementor-shape-fill\" style=\"opacity:0.33\" d=\"M0 0L0 6.4 141.8 4 283.5 6.4 283.5 0z\"\/>\n\t<path class=\"elementor-shape-fill\" d=\"M0 0L0 1.2 141.8 4 283.5 1.2 283.5 0z\"\/>\n<\/svg>\t\t<\/div>\n\t\t<div class=\"elementor-element elementor-element-c189967 e-flex e-con-boxed e-con e-child\" data-id=\"c189967\" data-element_type=\"container\" data-e-type=\"container\">\n\t\t\t\t\t<div class=\"e-con-inner\">\n\t\t<div class=\"elementor-element elementor-element-162ae69 e-con-full e-flex e-con e-child\" data-id=\"162ae69\" data-element_type=\"container\" data-e-type=\"container\">\n\t\t<div class=\"elementor-element elementor-element-5d77ba6 e-con-full e-flex e-con e-child\" data-id=\"5d77ba6\" data-element_type=\"container\" data-e-type=\"container\">\n\t\t\t\t<div class=\"elementor-element elementor-element-c0cc530 elementor-widget elementor-widget-image\" data-id=\"c0cc530\" data-element_type=\"widget\" data-e-type=\"widget\" data-widget_type=\"image.default\">\n\t\t\t\t<div class=\"elementor-widget-container\">\n\t\t\t\t\t\t\t\t\t\t\t\t\t\t\t<img decoding=\"async\" width=\"461\" height=\"91\" src=\"https:\/\/www.mcondevolkswagen.com\/WP_VW\/wp-content\/uploads\/2025\/09\/VW_460x90px.png\" class=\"attachment-large size-large wp-image-3014\" alt=\"\" srcset=\"https:\/\/www.mcondevolkswagen.com\/WP_VW\/wp-content\/uploads\/2025\/09\/VW_460x90px.png 461w, https:\/\/www.mcondevolkswagen.com\/WP_VW\/wp-content\/uploads\/2025\/09\/VW_460x90px-300x59.png 300w\" sizes=\"(max-width: 461px) 100vw, 461px\" \/>\t\t\t\t\t\t\t\t\t\t\t\t\t\t\t<\/div>\n\t\t\t\t<\/div>\n\t\t\t\t<div class=\"elementor-element elementor-element-bea26e6 elementor-widget elementor-widget-image\" data-id=\"bea26e6\" data-element_type=\"widget\" data-e-type=\"widget\" data-widget_type=\"image.default\">\n\t\t\t\t<div class=\"elementor-widget-container\">\n\t\t\t\t\t\t\t\t\t\t\t\t\t\t\t<img fetchpriority=\"high\" decoding=\"async\" width=\"436\" height=\"245\" src=\"https:\/\/www.mcondevolkswagen.com\/WP_VW\/wp-content\/uploads\/2026\/04\/el-stock-mas-chulo-1.png\" class=\"attachment-full size-full wp-image-4050\" alt=\"\" srcset=\"https:\/\/www.mcondevolkswagen.com\/WP_VW\/wp-content\/uploads\/2026\/04\/el-stock-mas-chulo-1.png 436w, https:\/\/www.mcondevolkswagen.com\/WP_VW\/wp-content\/uploads\/2026\/04\/el-stock-mas-chulo-1-300x169.png 300w\" sizes=\"(max-width: 436px) 100vw, 436px\" \/>\t\t\t\t\t\t\t\t\t\t\t\t\t\t\t<\/div>\n\t\t\t\t<\/div>\n\t\t\t\t<\/div>\n\t\t\t\t<\/div>\n\t\t<div class=\"elementor-element elementor-element-e2ef6f0 e-con-full elementor-hidden-mobile e-flex e-con e-child\" data-id=\"e2ef6f0\" data-element_type=\"container\" data-e-type=\"container\">\n\t\t\t\t<div class=\"elementor-element elementor-element-64de5cf animated-slow elementor-invisible elementor-widget elementor-widget-image\" data-id=\"64de5cf\" data-element_type=\"widget\" data-e-type=\"widget\" data-settings=\"{&quot;_animation&quot;:&quot;tada&quot;}\" data-widget_type=\"image.default\">\n\t\t\t\t<div class=\"elementor-widget-container\">\n\t\t\t\t\t\t\t\t\t\t\t\t\t\t\t<img decoding=\"async\" width=\"1904\" height=\"1748\" src=\"https:\/\/www.mcondevolkswagen.com\/WP_VW\/wp-content\/uploads\/2026\/04\/abanico-1.png\" class=\"attachment-full size-full wp-image-4061\" alt=\"\" srcset=\"https:\/\/www.mcondevolkswagen.com\/WP_VW\/wp-content\/uploads\/2026\/04\/abanico-1.png 1904w, https:\/\/www.mcondevolkswagen.com\/WP_VW\/wp-content\/uploads\/2026\/04\/abanico-1-300x275.png 300w, https:\/\/www.mcondevolkswagen.com\/WP_VW\/wp-content\/uploads\/2026\/04\/abanico-1-1024x940.png 1024w, https:\/\/www.mcondevolkswagen.com\/WP_VW\/wp-content\/uploads\/2026\/04\/abanico-1-768x705.png 768w, https:\/\/www.mcondevolkswagen.com\/WP_VW\/wp-content\/uploads\/2026\/04\/abanico-1-1536x1410.png 1536w\" sizes=\"(max-width: 1904px) 100vw, 1904px\" \/>\t\t\t\t\t\t\t\t\t\t\t\t\t\t\t<\/div>\n\t\t\t\t<\/div>\n\t\t\t\t<div class=\"elementor-element elementor-element-ce725c8 elementor-absolute e-transform elementor-widget elementor-widget-image\" data-id=\"ce725c8\" data-element_type=\"widget\" data-e-type=\"widget\" data-settings=\"{&quot;_position&quot;:&quot;absolute&quot;,&quot;_transform_scale_effect_hover&quot;:{&quot;unit&quot;:&quot;px&quot;,&quot;size&quot;:1.1,&quot;sizes&quot;:[]},&quot;_transform_scale_effect_hover_tablet&quot;:{&quot;unit&quot;:&quot;px&quot;,&quot;size&quot;:&quot;&quot;,&quot;sizes&quot;:[]},&quot;_transform_scale_effect_hover_mobile&quot;:{&quot;unit&quot;:&quot;px&quot;,&quot;size&quot;:&quot;&quot;,&quot;sizes&quot;:[]}}\" data-widget_type=\"image.default\">\n\t\t\t\t<div class=\"elementor-widget-container\">\n\t\t\t\t\t\t\t\t\t\t\t\t\t\t\t<img loading=\"lazy\" decoding=\"async\" width=\"1000\" height=\"369\" src=\"https:\/\/www.mcondevolkswagen.com\/WP_VW\/wp-content\/uploads\/2026\/04\/vw-coches.png\" class=\"attachment-full size-full wp-image-4054\" alt=\"\" srcset=\"https:\/\/www.mcondevolkswagen.com\/WP_VW\/wp-content\/uploads\/2026\/04\/vw-coches.png 1000w, https:\/\/www.mcondevolkswagen.com\/WP_VW\/wp-content\/uploads\/2026\/04\/vw-coches-300x111.png 300w, https:\/\/www.mcondevolkswagen.com\/WP_VW\/wp-content\/uploads\/2026\/04\/vw-coches-768x283.png 768w\" sizes=\"(max-width: 1000px) 100vw, 1000px\" \/>\t\t\t\t\t\t\t\t\t\t\t\t\t\t\t<\/div>\n\t\t\t\t<\/div>\n\t\t\t\t<\/div>\n\t\t\t\t\t<\/div>\n\t\t\t\t<\/div>\n\t\t\t\t<\/div>\n\t\t<div class=\"elementor-element elementor-element-937fe0a elementor-hidden-desktop elementor-hidden-tablet e-flex e-con-boxed e-con e-parent\" data-id=\"937fe0a\" data-element_type=\"container\" data-e-type=\"container\">\n\t\t\t\t\t<div class=\"e-con-inner\">\n\t\t<div class=\"elementor-element elementor-element-a65ea49 e-con-full e-flex e-con e-child\" data-id=\"a65ea49\" data-element_type=\"container\" data-e-type=\"container\" data-settings=\"{&quot;background_background&quot;:&quot;classic&quot;,&quot;sticky&quot;:&quot;top&quot;,&quot;sticky_on&quot;:[&quot;desktop&quot;,&quot;tablet&quot;,&quot;mobile&quot;],&quot;sticky_offset&quot;:0,&quot;sticky_effects_offset&quot;:0,&quot;sticky_anchor_link_offset&quot;:0}\">\n\t\t\t\t<div class=\"elementor-element elementor-element-af302a0 elementor-widget elementor-widget-image\" data-id=\"af302a0\" data-element_type=\"widget\" data-e-type=\"widget\" data-widget_type=\"image.default\">\n\t\t\t\t<div class=\"elementor-widget-container\">\n\t\t\t\t\t\t\t\t\t\t\t\t\t\t\t<img loading=\"lazy\" decoding=\"async\" width=\"1262\" height=\"227\" src=\"https:\/\/www.mcondevolkswagen.com\/WP_VW\/wp-content\/uploads\/2025\/11\/logo-mcondeferper.png\" class=\"attachment-full size-full wp-image-3294\" alt=\"\" srcset=\"https:\/\/www.mcondevolkswagen.com\/WP_VW\/wp-content\/uploads\/2025\/11\/logo-mcondeferper.png 1262w, https:\/\/www.mcondevolkswagen.com\/WP_VW\/wp-content\/uploads\/2025\/11\/logo-mcondeferper-300x54.png 300w, https:\/\/www.mcondevolkswagen.com\/WP_VW\/wp-content\/uploads\/2025\/11\/logo-mcondeferper-1024x184.png 1024w, https:\/\/www.mcondevolkswagen.com\/WP_VW\/wp-content\/uploads\/2025\/11\/logo-mcondeferper-768x138.png 768w\" sizes=\"(max-width: 1262px) 100vw, 1262px\" \/>\t\t\t\t\t\t\t\t\t\t\t\t\t\t\t<\/div>\n\t\t\t\t<\/div>\n\t\t\t\t<\/div>\n\t\t\t\t<div class=\"elementor-element elementor-element-a1184e9 elementor-widget elementor-widget-image\" data-id=\"a1184e9\" data-element_type=\"widget\" data-e-type=\"widget\" data-widget_type=\"image.default\">\n\t\t\t\t<div class=\"elementor-widget-container\">\n\t\t\t\t\t\t\t\t\t\t\t\t\t\t\t<img loading=\"lazy\" decoding=\"async\" width=\"436\" height=\"245\" src=\"https:\/\/www.mcondevolkswagen.com\/WP_VW\/wp-content\/uploads\/2026\/04\/el-stock-mas-chulo-1.png\" class=\"attachment-large size-large wp-image-4050\" alt=\"\" srcset=\"https:\/\/www.mcondevolkswagen.com\/WP_VW\/wp-content\/uploads\/2026\/04\/el-stock-mas-chulo-1.png 436w, https:\/\/www.mcondevolkswagen.com\/WP_VW\/wp-content\/uploads\/2026\/04\/el-stock-mas-chulo-1-300x169.png 300w\" sizes=\"(max-width: 436px) 100vw, 436px\" \/>\t\t\t\t\t\t\t\t\t\t\t\t\t\t\t<\/div>\n\t\t\t\t<\/div>\n\t\t\t\t<div class=\"elementor-element elementor-element-781bd88 elementor-widget elementor-widget-image\" data-id=\"781bd88\" data-element_type=\"widget\" data-e-type=\"widget\" data-widget_type=\"image.default\">\n\t\t\t\t<div class=\"elementor-widget-container\">\n\t\t\t\t\t\t\t\t\t\t\t\t\t\t\t<img loading=\"lazy\" decoding=\"async\" width=\"800\" height=\"450\" src=\"https:\/\/www.mcondevolkswagen.com\/WP_VW\/wp-content\/uploads\/2026\/04\/fondo-amarillo-1920_1080px-1024x576.jpg\" class=\"attachment-large size-large wp-image-4053\" alt=\"\" srcset=\"https:\/\/www.mcondevolkswagen.com\/WP_VW\/wp-content\/uploads\/2026\/04\/fondo-amarillo-1920_1080px-1024x576.jpg 1024w, https:\/\/www.mcondevolkswagen.com\/WP_VW\/wp-content\/uploads\/2026\/04\/fondo-amarillo-1920_1080px-300x169.jpg 300w, https:\/\/www.mcondevolkswagen.com\/WP_VW\/wp-content\/uploads\/2026\/04\/fondo-amarillo-1920_1080px-768x432.jpg 768w, https:\/\/www.mcondevolkswagen.com\/WP_VW\/wp-content\/uploads\/2026\/04\/fondo-amarillo-1920_1080px-1536x864.jpg 1536w, https:\/\/www.mcondevolkswagen.com\/WP_VW\/wp-content\/uploads\/2026\/04\/fondo-amarillo-1920_1080px.jpg 1920w\" sizes=\"(max-width: 800px) 100vw, 800px\" \/>\t\t\t\t\t\t\t\t\t\t\t\t\t\t\t<\/div>\n\t\t\t\t<\/div>\n\t\t\t\t<div class=\"elementor-element elementor-element-2e0eec5 elementor-absolute elementor-widget elementor-widget-image\" data-id=\"2e0eec5\" data-element_type=\"widget\" data-e-type=\"widget\" data-settings=\"{&quot;_position&quot;:&quot;absolute&quot;}\" data-widget_type=\"image.default\">\n\t\t\t\t<div class=\"elementor-widget-container\">\n\t\t\t\t\t\t\t\t\t\t\t\t\t\t\t<img loading=\"lazy\" decoding=\"async\" width=\"800\" height=\"295\" src=\"https:\/\/www.mcondevolkswagen.com\/WP_VW\/wp-content\/uploads\/2026\/04\/vw-coches.png\" class=\"attachment-large size-large wp-image-4054\" alt=\"\" srcset=\"https:\/\/www.mcondevolkswagen.com\/WP_VW\/wp-content\/uploads\/2026\/04\/vw-coches.png 1000w, https:\/\/www.mcondevolkswagen.com\/WP_VW\/wp-content\/uploads\/2026\/04\/vw-coches-300x111.png 300w, https:\/\/www.mcondevolkswagen.com\/WP_VW\/wp-content\/uploads\/2026\/04\/vw-coches-768x283.png 768w\" sizes=\"(max-width: 800px) 100vw, 800px\" \/>\t\t\t\t\t\t\t\t\t\t\t\t\t\t\t<\/div>\n\t\t\t\t<\/div>\n\t\t\t\t\t<\/div>\n\t\t\t\t<\/div>\n\t\t<div class=\"elementor-element elementor-element-b1101ec e-flex e-con-boxed e-con e-parent\" data-id=\"b1101ec\" data-element_type=\"container\" data-e-type=\"container\">\n\t\t\t\t\t<div class=\"e-con-inner\">\n\t\t<div class=\"elementor-element elementor-element-62939e5 e-con-full e-flex e-con e-child\" data-id=\"62939e5\" data-element_type=\"container\" data-e-type=\"container\">\n\t\t\t\t<div class=\"elementor-element elementor-element-617a279 elementor-widget elementor-widget-heading\" data-id=\"617a279\" data-element_type=\"widget\" data-e-type=\"widget\" data-widget_type=\"heading.default\">\n\t\t\t\t<div class=\"elementor-widget-container\">\n\t\t\t\t\t<h2 class=\"elementor-heading-title elementor-size-default\"><b>Las mejores condiciones de todo el a\u00f1o<\/b><\/h2>\t\t\t\t<\/div>\n\t\t\t\t<\/div>\n\t\t<div class=\"elementor-element elementor-element-45d2b0f e-con-full e-flex e-con e-child\" data-id=\"45d2b0f\" data-element_type=\"container\" data-e-type=\"container\">\n\t\t\t\t<div class=\"elementor-element elementor-element-e13409f elementor-widget elementor-widget-text-editor\" data-id=\"e13409f\" data-element_type=\"widget\" data-e-type=\"widget\" data-widget_type=\"text-editor.default\">\n\t\t\t\t<div class=\"elementor-widget-container\">\n\t\t\t\t\t\t\t\t\t<p>Del 20 al 23 de Mayo<\/p>\t\t\t\t\t\t\t\t<\/div>\n\t\t\t\t<\/div>\n\t\t\t\t<\/div>\n\t\t\t\t<\/div>\n\t\t<div class=\"elementor-element elementor-element-cf8fbe9 e-con-full elementor-hidden-mobile e-flex e-con e-child\" data-id=\"cf8fbe9\" data-element_type=\"container\" data-e-type=\"container\">\n\t\t\t\t<div class=\"elementor-element elementor-element-4a07064 elementor-align-left elementor-hidden-mobile elementor-widget elementor-widget-button\" data-id=\"4a07064\" data-element_type=\"widget\" data-e-type=\"widget\" data-widget_type=\"button.default\">\n\t\t\t\t<div class=\"elementor-widget-container\">\n\t\t\t\t\t\t\t\t\t<div class=\"elementor-button-wrapper\">\n\t\t\t\t\t<a class=\"elementor-button elementor-button-link elementor-size-sm elementor-animation-shrink\" href=\"https:\/\/www.mcondevolkswagen.com\/info\/formulario-stock-chulo-2026\">\n\t\t\t\t\t\t<span class=\"elementor-button-content-wrapper\">\n\t\t\t\t\t\t\t\t\t<span class=\"elementor-button-text\">Pedir cita ya<\/span>\n\t\t\t\t\t<\/span>\n\t\t\t\t\t<\/a>\n\t\t\t\t<\/div>\n\t\t\t\t\t\t\t\t<\/div>\n\t\t\t\t<\/div>\n\t\t\t\t<\/div>\n\t\t\t\t\t<\/div>\n\t\t\t\t<\/div>\n\t\t<div class=\"elementor-element elementor-element-5cdc9a1 e-flex e-con-boxed e-con e-parent\" data-id=\"5cdc9a1\" data-element_type=\"container\" data-e-type=\"container\">\n\t\t\t\t\t<div class=\"e-con-inner\">\n\t\t<div class=\"elementor-element elementor-element-a5a59f3 e-con-full e-flex e-con e-child\" data-id=\"a5a59f3\" data-element_type=\"container\" data-e-type=\"container\">\n\t\t\t\t<div class=\"elementor-element elementor-element-7852ed1 e-transform elementor-widget elementor-widget-image\" data-id=\"7852ed1\" data-element_type=\"widget\" data-e-type=\"widget\" data-settings=\"{&quot;_transform_scale_effect_hover&quot;:{&quot;unit&quot;:&quot;px&quot;,&quot;size&quot;:1.1,&quot;sizes&quot;:[]},&quot;_transform_scale_effect_hover_tablet&quot;:{&quot;unit&quot;:&quot;px&quot;,&quot;size&quot;:&quot;&quot;,&quot;sizes&quot;:[]},&quot;_transform_scale_effect_hover_mobile&quot;:{&quot;unit&quot;:&quot;px&quot;,&quot;size&quot;:&quot;&quot;,&quot;sizes&quot;:[]}}\" data-widget_type=\"image.default\">\n\t\t\t\t<div class=\"elementor-widget-container\">\n\t\t\t\t\t\t\t\t\t\t\t\t\t\t\t<img loading=\"lazy\" decoding=\"async\" width=\"800\" height=\"600\" src=\"https:\/\/www.mcondevolkswagen.com\/WP_VW\/wp-content\/uploads\/2026\/04\/regalos-vw-1024x768.jpg\" class=\"attachment-large size-large wp-image-4070\" alt=\"\" srcset=\"https:\/\/www.mcondevolkswagen.com\/WP_VW\/wp-content\/uploads\/2026\/04\/regalos-vw-1024x768.jpg 1024w, https:\/\/www.mcondevolkswagen.com\/WP_VW\/wp-content\/uploads\/2026\/04\/regalos-vw-300x225.jpg 300w, https:\/\/www.mcondevolkswagen.com\/WP_VW\/wp-content\/uploads\/2026\/04\/regalos-vw-768x576.jpg 768w, https:\/\/www.mcondevolkswagen.com\/WP_VW\/wp-content\/uploads\/2026\/04\/regalos-vw.jpg 1440w\" sizes=\"(max-width: 800px) 100vw, 800px\" \/>\t\t\t\t\t\t\t\t\t\t\t\t\t\t\t<\/div>\n\t\t\t\t<\/div>\n\t\t\t\t<div class=\"elementor-element elementor-element-3e578f0 elementor-absolute elementor-invisible elementor-widget elementor-widget-image\" data-id=\"3e578f0\" data-element_type=\"widget\" data-e-type=\"widget\" data-settings=\"{&quot;_position&quot;:&quot;absolute&quot;,&quot;_animation&quot;:&quot;rollIn&quot;}\" data-widget_type=\"image.default\">\n\t\t\t\t<div class=\"elementor-widget-container\">\n\t\t\t\t\t\t\t\t\t\t\t\t\t\t\t<img loading=\"lazy\" decoding=\"async\" width=\"147\" height=\"234\" src=\"https:\/\/www.mcondevolkswagen.com\/WP_VW\/wp-content\/uploads\/2026\/04\/claveles-1.png\" class=\"attachment-large size-large wp-image-4068\" alt=\"\" \/>\t\t\t\t\t\t\t\t\t\t\t\t\t\t\t<\/div>\n\t\t\t\t<\/div>\n\t\t\t\t<\/div>\n\t\t<div class=\"elementor-element elementor-element-76f5eeb e-con-full e-flex e-con e-child\" data-id=\"76f5eeb\" data-element_type=\"container\" data-e-type=\"container\">\n\t\t\t\t<div class=\"elementor-element elementor-element-7767b8f elementor-widget elementor-widget-text-editor\" data-id=\"7767b8f\" data-element_type=\"widget\" data-e-type=\"widget\" data-widget_type=\"text-editor.default\">\n\t\t\t\t<div class=\"elementor-widget-container\">\n\t\t\t\t\t\t\t\t\t<p><strong>M\u00e1s de 100 unidades disponibles<\/strong><\/p>\t\t\t\t\t\t\t\t<\/div>\n\t\t\t\t<\/div>\n\t\t\t\t<div class=\"elementor-element elementor-element-b612327 elementor-widget elementor-widget-heading\" data-id=\"b612327\" data-element_type=\"widget\" data-e-type=\"widget\" data-widget_type=\"heading.default\">\n\t\t\t\t<div class=\"elementor-widget-container\">\n\t\t\t\t\t<h2 class=\"elementor-heading-title elementor-size-default\"><b>Te regalamos la camiseta de la Selecci\u00f3n y el bal\u00f3n del Mundial<\/b>\n<\/h2>\t\t\t\t<\/div>\n\t\t\t\t<\/div>\n\t\t\t\t<div class=\"elementor-element elementor-element-a14df04 elementor-widget elementor-widget-text-editor\" data-id=\"a14df04\" data-element_type=\"widget\" data-e-type=\"widget\" data-widget_type=\"text-editor.default\">\n\t\t\t\t<div class=\"elementor-widget-container\">\n\t\t\t\t\t\t\t\t\t<p>\u00a1Tenemos pasi\u00f3n por la Roja! Consigue tu pack de regalo al adquirir tu Volkswagen. Regalo garantizado.<\/p>\t\t\t\t\t\t\t\t<\/div>\n\t\t\t\t<\/div>\n\t\t\t\t<\/div>\n\t\t\t\t\t<\/div>\n\t\t\t\t<\/div>\n\t\t<div class=\"elementor-element elementor-element-12b3372 e-flex e-con-boxed e-con e-parent\" data-id=\"12b3372\" data-element_type=\"container\" data-e-type=\"container\">\n\t\t\t\t\t<div class=\"e-con-inner\">\n\t\t\t\t<div class=\"elementor-element elementor-element-db8be3e elementor-widget elementor-widget-heading\" data-id=\"db8be3e\" data-element_type=\"widget\" data-e-type=\"widget\" data-widget_type=\"heading.default\">\n\t\t\t\t<div class=\"elementor-widget-container\">\n\t\t\t\t\t<h2 class=\"elementor-heading-title elementor-size-default\"><b>\u00bfBuscas un Volkswagen para tu d\u00eda a d\u00eda?<\/b> Atento\n\n<\/h2>\t\t\t\t<\/div>\n\t\t\t\t<\/div>\n\t\t\t\t\t<\/div>\n\t\t\t\t<\/div>\n\t\t<div class=\"elementor-element elementor-element-062b325 e-flex e-con-boxed e-con e-parent\" data-id=\"062b325\" data-element_type=\"container\" data-e-type=\"container\" data-settings=\"{&quot;background_background&quot;:&quot;classic&quot;}\">\n\t\t\t\t\t<div class=\"e-con-inner\">\n\t\t<div class=\"elementor-element elementor-element-2ec0d94 e-con-full e-flex e-con e-child\" data-id=\"2ec0d94\" data-element_type=\"container\" data-e-type=\"container\">\n\t\t<div class=\"elementor-element elementor-element-9133eb5 e-con-full e-flex e-con e-child\" data-id=\"9133eb5\" data-element_type=\"container\" data-e-type=\"container\">\n\t\t<div class=\"elementor-element elementor-element-3262b98 e-con-full e-transform e-flex e-con e-child\" data-id=\"3262b98\" data-element_type=\"container\" data-e-type=\"container\" data-settings=\"{&quot;background_background&quot;:&quot;gradient&quot;,&quot;_transform_scale_effect_hover&quot;:{&quot;unit&quot;:&quot;px&quot;,&quot;size&quot;:1.1,&quot;sizes&quot;:[]},&quot;_transform_scale_effect_hover_tablet&quot;:{&quot;unit&quot;:&quot;px&quot;,&quot;size&quot;:&quot;&quot;,&quot;sizes&quot;:[]},&quot;_transform_scale_effect_hover_mobile&quot;:{&quot;unit&quot;:&quot;px&quot;,&quot;size&quot;:&quot;&quot;,&quot;sizes&quot;:[]}}\">\n\t\t<div class=\"elementor-element elementor-element-cd3f695 e-con-full e-flex e-con e-child\" data-id=\"cd3f695\" data-element_type=\"container\" data-e-type=\"container\">\n\t\t\t\t<div class=\"elementor-element elementor-element-54e4c6d elementor-widget__width-initial elementor-widget elementor-widget-heading\" data-id=\"54e4c6d\" data-element_type=\"widget\" data-e-type=\"widget\" data-widget_type=\"heading.default\">\n\t\t\t\t<div class=\"elementor-widget-container\">\n\t\t\t\t\t<h2 class=\"elementor-heading-title elementor-size-default\">Nuevo T-Roc <\/h2>\t\t\t\t<\/div>\n\t\t\t\t<\/div>\n\t\t\t\t<div class=\"elementor-element elementor-element-56647ba elementor-widget__width-initial elementor-widget elementor-widget-image\" data-id=\"56647ba\" data-element_type=\"widget\" data-e-type=\"widget\" data-widget_type=\"image.default\">\n\t\t\t\t<div class=\"elementor-widget-container\">\n\t\t\t\t\t\t\t\t\t\t\t\t\t\t\t<img loading=\"lazy\" decoding=\"async\" width=\"88\" height=\"88\" src=\"https:\/\/www.mcondevolkswagen.com\/WP_VW\/wp-content\/uploads\/2025\/12\/stock_etiqueta_eco.png\" class=\"attachment-full size-full wp-image-3473\" alt=\"\" \/>\t\t\t\t\t\t\t\t\t\t\t\t\t\t\t<\/div>\n\t\t\t\t<\/div>\n\t\t\t\t<\/div>\n\t\t\t\t<div class=\"elementor-element elementor-element-64a9ed4 elementor-widget elementor-widget-heading\" data-id=\"64a9ed4\" data-element_type=\"widget\" data-e-type=\"widget\" data-widget_type=\"heading.default\">\n\t\t\t\t<div class=\"elementor-widget-container\">\n\t\t\t\t\t<h2 class=\"elementor-heading-title elementor-size-default\">1.5 eTSI 85 kW (116 CV)<\/h2>\t\t\t\t<\/div>\n\t\t\t\t<\/div>\n\t\t\t\t<div class=\"elementor-element elementor-element-e128c46 elementor-widget elementor-widget-image\" data-id=\"e128c46\" data-element_type=\"widget\" data-e-type=\"widget\" data-widget_type=\"image.default\">\n\t\t\t\t<div class=\"elementor-widget-container\">\n\t\t\t\t\t\t\t\t\t\t\t\t\t\t\t<img loading=\"lazy\" decoding=\"async\" width=\"431\" height=\"226\" src=\"https:\/\/www.mcondevolkswagen.com\/WP_VW\/wp-content\/uploads\/2026\/04\/t-roc-2026.jpg\" class=\"attachment-large size-large wp-image-4028\" alt=\"\" srcset=\"https:\/\/www.mcondevolkswagen.com\/WP_VW\/wp-content\/uploads\/2026\/04\/t-roc-2026.jpg 431w, https:\/\/www.mcondevolkswagen.com\/WP_VW\/wp-content\/uploads\/2026\/04\/t-roc-2026-300x157.jpg 300w\" sizes=\"(max-width: 431px) 100vw, 431px\" \/>\t\t\t\t\t\t\t\t\t\t\t\t\t\t\t<\/div>\n\t\t\t\t<\/div>\n\t\t\t\t<div class=\"elementor-element elementor-element-e9e79ea elementor-widget elementor-widget-text-editor\" data-id=\"e9e79ea\" data-element_type=\"widget\" data-e-type=\"widget\" data-widget_type=\"text-editor.default\">\n\t\t\t\t<div class=\"elementor-widget-container\">\n\t\t\t\t\t\t\t\t\t<p><strong>Desde 250\u20ac\/mes<\/strong> con My Way*<\/p>\t\t\t\t\t\t\t\t<\/div>\n\t\t\t\t<\/div>\n\t\t\t\t<div class=\"elementor-element elementor-element-ce9bfe9 elementor-widget-tablet__width-inherit elementor-widget elementor-widget-text-editor\" data-id=\"ce9bfe9\" data-element_type=\"widget\" data-e-type=\"widget\" data-widget_type=\"text-editor.default\">\n\t\t\t\t<div class=\"elementor-widget-container\">\n\t\t\t\t\t\t\t\t\t<p>Desde 29.600\u20ac<\/p>\t\t\t\t\t\t\t\t<\/div>\n\t\t\t\t<\/div>\n\t\t\t\t<div class=\"elementor-element elementor-element-eafd140 elementor-widget elementor-widget-text-editor\" data-id=\"eafd140\" data-element_type=\"widget\" data-e-type=\"widget\" data-widget_type=\"text-editor.default\">\n\t\t\t\t<div class=\"elementor-widget-container\">\n\t\t\t\t\t\t\t\t\t<ul><li class=\"TypographyPresentation TypographyPresentation--medium RichText3-paragraph--withVSpacingNormal RichText3-paragraph HighlightSol HighlightSol--buildingBlock\">4 llantas de aleaci\u00f3n ligera \u00abBilbao\u00bb.<\/li><li class=\"TypographyPresentation TypographyPresentation--medium RichText3-paragraph--withVSpacingNormal RichText3-paragraph HighlightSol HighlightSol--buildingBlock\">Carcasa de los retrovisores exteriores en el color del techo<\/li><li class=\"TypographyPresentation TypographyPresentation--medium RichText3-paragraph--withVSpacingNormal RichText3-paragraph HighlightSol HighlightSol--buildingBlock\">Faros LED con luz de conducci\u00f3n diurna<\/li><li>Sin cristales tintados<\/li><\/ul>\t\t\t\t\t\t\t\t<\/div>\n\t\t\t\t<\/div>\n\t\t\t\t<\/div>\n\t\t<div class=\"elementor-element elementor-element-a89652e e-con-full e-transform e-flex e-con e-child\" data-id=\"a89652e\" data-element_type=\"container\" data-e-type=\"container\" data-settings=\"{&quot;background_background&quot;:&quot;gradient&quot;,&quot;_transform_scale_effect_hover&quot;:{&quot;unit&quot;:&quot;px&quot;,&quot;size&quot;:1.1,&quot;sizes&quot;:[]},&quot;_transform_scale_effect_hover_tablet&quot;:{&quot;unit&quot;:&quot;px&quot;,&quot;size&quot;:&quot;&quot;,&quot;sizes&quot;:[]},&quot;_transform_scale_effect_hover_mobile&quot;:{&quot;unit&quot;:&quot;px&quot;,&quot;size&quot;:&quot;&quot;,&quot;sizes&quot;:[]}}\">\n\t\t\t\t<div class=\"elementor-element elementor-element-6906a94 elementor-widget elementor-widget-heading\" data-id=\"6906a94\" data-element_type=\"widget\" data-e-type=\"widget\" data-widget_type=\"heading.default\">\n\t\t\t\t<div class=\"elementor-widget-container\">\n\t\t\t\t\t<h2 class=\"elementor-heading-title elementor-size-default\">1.5 TSI 150kW (204 CV)\n<\/h2>\t\t\t\t<\/div>\n\t\t\t\t<\/div>\n\t\t\t\t<div class=\"elementor-element elementor-element-1ed834e elementor-widget elementor-widget-image\" data-id=\"1ed834e\" data-element_type=\"widget\" data-e-type=\"widget\" data-widget_type=\"image.default\">\n\t\t\t\t<div class=\"elementor-widget-container\">\n\t\t\t\t\t\t\t\t\t\t\t\t\t\t\t<img loading=\"lazy\" decoding=\"async\" width=\"431\" height=\"226\" src=\"https:\/\/www.mcondevolkswagen.com\/WP_VW\/wp-content\/uploads\/2025\/05\/tiguan.jpg\" class=\"attachment-full size-full wp-image-2560\" alt=\"\" srcset=\"https:\/\/www.mcondevolkswagen.com\/WP_VW\/wp-content\/uploads\/2025\/05\/tiguan.jpg 431w, https:\/\/www.mcondevolkswagen.com\/WP_VW\/wp-content\/uploads\/2025\/05\/tiguan-300x157.jpg 300w\" sizes=\"(max-width: 431px) 100vw, 431px\" \/>\t\t\t\t\t\t\t\t\t\t\t\t\t\t\t<\/div>\n\t\t\t\t<\/div>\n\t\t\t\t<div class=\"elementor-element elementor-element-02c1db9 elementor-widget elementor-widget-text-editor\" data-id=\"02c1db9\" data-element_type=\"widget\" data-e-type=\"widget\" data-widget_type=\"text-editor.default\">\n\t\t\t\t<div class=\"elementor-widget-container\">\n\t\t\t\t\t\t\t\t\t<p><strong>Desde 250\u20ac\/mes<\/strong> con My Way*<\/p>\t\t\t\t\t\t\t\t<\/div>\n\t\t\t\t<\/div>\n\t\t\t\t<div class=\"elementor-element elementor-element-f4e900b elementor-widget-tablet__width-inherit elementor-widget elementor-widget-text-editor\" data-id=\"f4e900b\" data-element_type=\"widget\" data-e-type=\"widget\" data-widget_type=\"text-editor.default\">\n\t\t\t\t<div class=\"elementor-widget-container\">\n\t\t\t\t\t\t\t\t\t<p>Desde 47.550\u20ac<\/p>\t\t\t\t\t\t\t\t<\/div>\n\t\t\t\t<\/div>\n\t\t\t\t<div class=\"elementor-element elementor-element-5a6a0a2 elementor-widget elementor-widget-text-editor\" data-id=\"5a6a0a2\" data-element_type=\"widget\" data-e-type=\"widget\" data-widget_type=\"text-editor.default\">\n\t\t\t\t<div class=\"elementor-widget-container\">\n\t\t\t\t\t\t\t\t\t<ul><li class=\"TypographyPresentation TypographyPresentation--medium RichText3-paragraph--withVSpacingNormal RichText3-paragraph HighlightSol HighlightSol--buildingBlock\">Llantas \u00abBari\u00bb 17&#8243;<\/li><li class=\"TypographyPresentation TypographyPresentation--medium RichText3-paragraph--withVSpacingNormal RichText3-paragraph HighlightSol HighlightSol--buildingBlock\">Faros delanteros LED<\/li><li class=\"TypographyPresentation TypographyPresentation--medium RichText3-paragraph--withVSpacingNormal RichText3-paragraph HighlightSol HighlightSol--buildingBlock\">C\u00e1mara de visi\u00f3n trasera \u00abRear View\u00bb<\/li><\/ul>\t\t\t\t\t\t\t\t<\/div>\n\t\t\t\t<\/div>\n\t\t<div class=\"elementor-element elementor-element-9ec4ae7 e-con-full e-flex e-con e-child\" data-id=\"9ec4ae7\" data-element_type=\"container\" data-e-type=\"container\">\n\t\t\t\t<div class=\"elementor-element elementor-element-333b2fa elementor-widget__width-initial elementor-widget elementor-widget-heading\" data-id=\"333b2fa\" data-element_type=\"widget\" data-e-type=\"widget\" data-widget_type=\"heading.default\">\n\t\t\t\t<div class=\"elementor-widget-container\">\n\t\t\t\t\t<h2 class=\"elementor-heading-title elementor-size-default\">Tiguan M\u00e1s<\/h2>\t\t\t\t<\/div>\n\t\t\t\t<\/div>\n\t\t\t\t<div class=\"elementor-element elementor-element-e391566 elementor-widget__width-initial elementor-widget elementor-widget-image\" data-id=\"e391566\" data-element_type=\"widget\" data-e-type=\"widget\" data-widget_type=\"image.default\">\n\t\t\t\t<div class=\"elementor-widget-container\">\n\t\t\t\t\t\t\t\t\t\t\t\t\t\t\t<img loading=\"lazy\" decoding=\"async\" width=\"2048\" height=\"2049\" src=\"https:\/\/www.mcondevolkswagen.com\/WP_VW\/wp-content\/uploads\/2025\/02\/DistAmbDGT_CeroEmisiones.svg_.png\" class=\"attachment-full size-full wp-image-2073\" alt=\"\" srcset=\"https:\/\/www.mcondevolkswagen.com\/WP_VW\/wp-content\/uploads\/2025\/02\/DistAmbDGT_CeroEmisiones.svg_.png 2048w, https:\/\/www.mcondevolkswagen.com\/WP_VW\/wp-content\/uploads\/2025\/02\/DistAmbDGT_CeroEmisiones.svg_-300x300.png 300w, https:\/\/www.mcondevolkswagen.com\/WP_VW\/wp-content\/uploads\/2025\/02\/DistAmbDGT_CeroEmisiones.svg_-1024x1024.png 1024w, https:\/\/www.mcondevolkswagen.com\/WP_VW\/wp-content\/uploads\/2025\/02\/DistAmbDGT_CeroEmisiones.svg_-150x150.png 150w, https:\/\/www.mcondevolkswagen.com\/WP_VW\/wp-content\/uploads\/2025\/02\/DistAmbDGT_CeroEmisiones.svg_-768x768.png 768w, https:\/\/www.mcondevolkswagen.com\/WP_VW\/wp-content\/uploads\/2025\/02\/DistAmbDGT_CeroEmisiones.svg_-1536x1536.png 1536w\" sizes=\"(max-width: 2048px) 100vw, 2048px\" \/>\t\t\t\t\t\t\t\t\t\t\t\t\t\t\t<\/div>\n\t\t\t\t<\/div>\n\t\t\t\t<\/div>\n\t\t\t\t<\/div>\n\t\t<div class=\"elementor-element elementor-element-caf59e3 e-con-full e-transform e-flex e-con e-child\" data-id=\"caf59e3\" data-element_type=\"container\" data-e-type=\"container\" data-settings=\"{&quot;background_background&quot;:&quot;gradient&quot;,&quot;_transform_scale_effect_hover&quot;:{&quot;unit&quot;:&quot;px&quot;,&quot;size&quot;:1.1,&quot;sizes&quot;:[]},&quot;_transform_scale_effect_hover_tablet&quot;:{&quot;unit&quot;:&quot;px&quot;,&quot;size&quot;:&quot;&quot;,&quot;sizes&quot;:[]},&quot;_transform_scale_effect_hover_mobile&quot;:{&quot;unit&quot;:&quot;px&quot;,&quot;size&quot;:&quot;&quot;,&quot;sizes&quot;:[]}}\">\n\t\t\t\t<div class=\"elementor-element elementor-element-5830116 elementor-widget elementor-widget-heading\" data-id=\"5830116\" data-element_type=\"widget\" data-e-type=\"widget\" data-widget_type=\"heading.default\">\n\t\t\t\t<div class=\"elementor-widget-container\">\n\t\t\t\t\t<h2 class=\"elementor-heading-title elementor-size-default\">1.5 TSI 150kW (204 CV)\n<\/h2>\t\t\t\t<\/div>\n\t\t\t\t<\/div>\n\t\t\t\t<div class=\"elementor-element elementor-element-1600930 elementor-widget elementor-widget-image\" data-id=\"1600930\" data-element_type=\"widget\" data-e-type=\"widget\" data-widget_type=\"image.default\">\n\t\t\t\t<div class=\"elementor-widget-container\">\n\t\t\t\t\t\t\t\t\t\t\t\t\t\t\t<img loading=\"lazy\" decoding=\"async\" width=\"431\" height=\"226\" src=\"https:\/\/www.mcondevolkswagen.com\/WP_VW\/wp-content\/uploads\/2025\/05\/golf.jpg\" class=\"attachment-full size-full wp-image-2562\" alt=\"\" srcset=\"https:\/\/www.mcondevolkswagen.com\/WP_VW\/wp-content\/uploads\/2025\/05\/golf.jpg 431w, https:\/\/www.mcondevolkswagen.com\/WP_VW\/wp-content\/uploads\/2025\/05\/golf-300x157.jpg 300w\" sizes=\"(max-width: 431px) 100vw, 431px\" \/>\t\t\t\t\t\t\t\t\t\t\t\t\t\t\t<\/div>\n\t\t\t\t<\/div>\n\t\t\t\t<div class=\"elementor-element elementor-element-5358e50 elementor-widget elementor-widget-text-editor\" data-id=\"5358e50\" data-element_type=\"widget\" data-e-type=\"widget\" data-widget_type=\"text-editor.default\">\n\t\t\t\t<div class=\"elementor-widget-container\">\n\t\t\t\t\t\t\t\t\t<p><strong>Desde 160\u20ac\/mes<\/strong> con My Way*<\/p>\t\t\t\t\t\t\t\t<\/div>\n\t\t\t\t<\/div>\n\t\t\t\t<div class=\"elementor-element elementor-element-b6196b5 elementor-widget-tablet__width-inherit elementor-widget elementor-widget-text-editor\" data-id=\"b6196b5\" data-element_type=\"widget\" data-e-type=\"widget\" data-widget_type=\"text-editor.default\">\n\t\t\t\t<div class=\"elementor-widget-container\">\n\t\t\t\t\t\t\t\t\t<p>Desde 27.200\u20ac<\/p>\t\t\t\t\t\t\t\t<\/div>\n\t\t\t\t<\/div>\n\t\t\t\t<div class=\"elementor-element elementor-element-285e8d7 elementor-widget elementor-widget-text-editor\" data-id=\"285e8d7\" data-element_type=\"widget\" data-e-type=\"widget\" data-widget_type=\"text-editor.default\">\n\t\t\t\t<div class=\"elementor-widget-container\">\n\t\t\t\t\t\t\t\t\t<ul><li class=\"TypographyPresentation TypographyPresentation--medium RichText3-paragraph--withVSpacingNormal RichText3-paragraph HighlightSol HighlightSol--buildingBlock\">Llantas \u00abNorfolk\u00bb de 16&#8243;<\/li><li class=\"TypographyPresentation TypographyPresentation--medium RichText3-paragraph--withVSpacingNormal RichText3-paragraph HighlightSol HighlightSol--buildingBlock\">Faros delanteros LED<\/li><li class=\"TypographyPresentation TypographyPresentation--medium RichText3-paragraph--withVSpacingNormal RichText3-paragraph HighlightSol HighlightSol--buildingBlock\">C\u00e1mara de visi\u00f3n trasera \u00abRear View\u00bb<\/li><\/ul>\t\t\t\t\t\t\t\t<\/div>\n\t\t\t\t<\/div>\n\t\t<div class=\"elementor-element elementor-element-781f081 e-con-full e-flex e-con e-child\" data-id=\"781f081\" data-element_type=\"container\" data-e-type=\"container\">\n\t\t\t\t<div class=\"elementor-element elementor-element-f9c642e elementor-widget__width-initial elementor-widget elementor-widget-heading\" data-id=\"f9c642e\" data-element_type=\"widget\" data-e-type=\"widget\" data-widget_type=\"heading.default\">\n\t\t\t\t<div class=\"elementor-widget-container\">\n\t\t\t\t\t<h2 class=\"elementor-heading-title elementor-size-default\">Golf Match<\/h2>\t\t\t\t<\/div>\n\t\t\t\t<\/div>\n\t\t\t\t<div class=\"elementor-element elementor-element-5281245 elementor-widget__width-initial elementor-widget elementor-widget-image\" data-id=\"5281245\" data-element_type=\"widget\" data-e-type=\"widget\" data-widget_type=\"image.default\">\n\t\t\t\t<div class=\"elementor-widget-container\">\n\t\t\t\t\t\t\t\t\t\t\t\t\t\t\t<img loading=\"lazy\" decoding=\"async\" width=\"2048\" height=\"2049\" src=\"https:\/\/www.mcondevolkswagen.com\/WP_VW\/wp-content\/uploads\/2025\/02\/DistAmbDGT_CeroEmisiones.svg_.png\" class=\"attachment-full size-full wp-image-2073\" alt=\"\" srcset=\"https:\/\/www.mcondevolkswagen.com\/WP_VW\/wp-content\/uploads\/2025\/02\/DistAmbDGT_CeroEmisiones.svg_.png 2048w, https:\/\/www.mcondevolkswagen.com\/WP_VW\/wp-content\/uploads\/2025\/02\/DistAmbDGT_CeroEmisiones.svg_-300x300.png 300w, https:\/\/www.mcondevolkswagen.com\/WP_VW\/wp-content\/uploads\/2025\/02\/DistAmbDGT_CeroEmisiones.svg_-1024x1024.png 1024w, https:\/\/www.mcondevolkswagen.com\/WP_VW\/wp-content\/uploads\/2025\/02\/DistAmbDGT_CeroEmisiones.svg_-150x150.png 150w, https:\/\/www.mcondevolkswagen.com\/WP_VW\/wp-content\/uploads\/2025\/02\/DistAmbDGT_CeroEmisiones.svg_-768x768.png 768w, https:\/\/www.mcondevolkswagen.com\/WP_VW\/wp-content\/uploads\/2025\/02\/DistAmbDGT_CeroEmisiones.svg_-1536x1536.png 1536w\" sizes=\"(max-width: 2048px) 100vw, 2048px\" \/>\t\t\t\t\t\t\t\t\t\t\t\t\t\t\t<\/div>\n\t\t\t\t<\/div>\n\t\t\t\t<\/div>\n\t\t\t\t<\/div>\n\t\t<div class=\"elementor-element elementor-element-ce56412 e-con-full e-transform e-flex e-con e-child\" data-id=\"ce56412\" data-element_type=\"container\" data-e-type=\"container\" data-settings=\"{&quot;background_background&quot;:&quot;gradient&quot;,&quot;_transform_scale_effect_hover&quot;:{&quot;unit&quot;:&quot;px&quot;,&quot;size&quot;:1.1,&quot;sizes&quot;:[]},&quot;_transform_scale_effect_hover_tablet&quot;:{&quot;unit&quot;:&quot;px&quot;,&quot;size&quot;:&quot;&quot;,&quot;sizes&quot;:[]},&quot;_transform_scale_effect_hover_mobile&quot;:{&quot;unit&quot;:&quot;px&quot;,&quot;size&quot;:&quot;&quot;,&quot;sizes&quot;:[]}}\">\n\t\t\t\t<div class=\"elementor-element elementor-element-9e18837 elementor-widget elementor-widget-heading\" data-id=\"9e18837\" data-element_type=\"widget\" data-e-type=\"widget\" data-widget_type=\"heading.default\">\n\t\t\t\t<div class=\"elementor-widget-container\">\n\t\t\t\t\t<h2 class=\"elementor-heading-title elementor-size-default\">1.0 TSI 70 kW (95 CV) 5 vel.\n<\/h2>\t\t\t\t<\/div>\n\t\t\t\t<\/div>\n\t\t\t\t<div class=\"elementor-element elementor-element-ee83323 elementor-widget elementor-widget-image\" data-id=\"ee83323\" data-element_type=\"widget\" data-e-type=\"widget\" data-widget_type=\"image.default\">\n\t\t\t\t<div class=\"elementor-widget-container\">\n\t\t\t\t\t\t\t\t\t\t\t\t\t\t\t<img loading=\"lazy\" decoding=\"async\" width=\"431\" height=\"226\" src=\"https:\/\/www.mcondevolkswagen.com\/WP_VW\/wp-content\/uploads\/2025\/05\/t-cross.jpg\" class=\"attachment-full size-full wp-image-2563\" alt=\"\" srcset=\"https:\/\/www.mcondevolkswagen.com\/WP_VW\/wp-content\/uploads\/2025\/05\/t-cross.jpg 431w, https:\/\/www.mcondevolkswagen.com\/WP_VW\/wp-content\/uploads\/2025\/05\/t-cross-300x157.jpg 300w\" sizes=\"(max-width: 431px) 100vw, 431px\" \/>\t\t\t\t\t\t\t\t\t\t\t\t\t\t\t<\/div>\n\t\t\t\t<\/div>\n\t\t\t\t<div class=\"elementor-element elementor-element-31f7fdb elementor-widget elementor-widget-text-editor\" data-id=\"31f7fdb\" data-element_type=\"widget\" data-e-type=\"widget\" data-widget_type=\"text-editor.default\">\n\t\t\t\t<div class=\"elementor-widget-container\">\n\t\t\t\t\t\t\t\t\t<p><strong>Desde 130\u20ac\/mes<\/strong> con My Way*<\/p>\t\t\t\t\t\t\t\t<\/div>\n\t\t\t\t<\/div>\n\t\t\t\t<div class=\"elementor-element elementor-element-406279f elementor-widget-tablet__width-inherit elementor-widget elementor-widget-text-editor\" data-id=\"406279f\" data-element_type=\"widget\" data-e-type=\"widget\" data-widget_type=\"text-editor.default\">\n\t\t\t\t<div class=\"elementor-widget-container\">\n\t\t\t\t\t\t\t\t\t<p>Desde 20.300\u20ac<\/p>\t\t\t\t\t\t\t\t<\/div>\n\t\t\t\t<\/div>\n\t\t\t\t<div class=\"elementor-element elementor-element-c01e7f9 elementor-widget elementor-widget-text-editor\" data-id=\"c01e7f9\" data-element_type=\"widget\" data-e-type=\"widget\" data-widget_type=\"text-editor.default\">\n\t\t\t\t<div class=\"elementor-widget-container\">\n\t\t\t\t\t\t\t\t\t<ul><li>Llantas de acero de 16&#8243;<\/li><li>Faros delanteros LED<\/li><li>App-Connect para Apple CarPlay\u2122\ufe0fy Android Auto por cable.<\/li><\/ul>\t\t\t\t\t\t\t\t<\/div>\n\t\t\t\t<\/div>\n\t\t<div class=\"elementor-element elementor-element-bcad508 e-con-full e-flex e-con e-child\" data-id=\"bcad508\" data-element_type=\"container\" data-e-type=\"container\">\n\t\t\t\t<div class=\"elementor-element elementor-element-0cdb73e elementor-widget__width-initial elementor-widget elementor-widget-heading\" data-id=\"0cdb73e\" data-element_type=\"widget\" data-e-type=\"widget\" data-widget_type=\"heading.default\">\n\t\t\t\t<div class=\"elementor-widget-container\">\n\t\t\t\t\t<h2 class=\"elementor-heading-title elementor-size-default\">T-Cross<\/h2>\t\t\t\t<\/div>\n\t\t\t\t<\/div>\n\t\t\t\t<div class=\"elementor-element elementor-element-51b955f elementor-widget__width-initial elementor-widget elementor-widget-image\" data-id=\"51b955f\" data-element_type=\"widget\" data-e-type=\"widget\" data-widget_type=\"image.default\">\n\t\t\t\t<div class=\"elementor-widget-container\">\n\t\t\t\t\t\t\t\t\t\t\t\t\t\t\t<img loading=\"lazy\" decoding=\"async\" width=\"2048\" height=\"2049\" src=\"https:\/\/www.mcondevolkswagen.com\/WP_VW\/wp-content\/uploads\/2025\/02\/DistAmbDGT_CeroEmisiones.svg_.png\" class=\"attachment-full size-full wp-image-2073\" alt=\"\" srcset=\"https:\/\/www.mcondevolkswagen.com\/WP_VW\/wp-content\/uploads\/2025\/02\/DistAmbDGT_CeroEmisiones.svg_.png 2048w, https:\/\/www.mcondevolkswagen.com\/WP_VW\/wp-content\/uploads\/2025\/02\/DistAmbDGT_CeroEmisiones.svg_-300x300.png 300w, https:\/\/www.mcondevolkswagen.com\/WP_VW\/wp-content\/uploads\/2025\/02\/DistAmbDGT_CeroEmisiones.svg_-1024x1024.png 1024w, https:\/\/www.mcondevolkswagen.com\/WP_VW\/wp-content\/uploads\/2025\/02\/DistAmbDGT_CeroEmisiones.svg_-150x150.png 150w, https:\/\/www.mcondevolkswagen.com\/WP_VW\/wp-content\/uploads\/2025\/02\/DistAmbDGT_CeroEmisiones.svg_-768x768.png 768w, https:\/\/www.mcondevolkswagen.com\/WP_VW\/wp-content\/uploads\/2025\/02\/DistAmbDGT_CeroEmisiones.svg_-1536x1536.png 1536w\" sizes=\"(max-width: 2048px) 100vw, 2048px\" \/>\t\t\t\t\t\t\t\t\t\t\t\t\t\t\t<\/div>\n\t\t\t\t<\/div>\n\t\t\t\t<\/div>\n\t\t\t\t<\/div>\n\t\t\t\t<\/div>\n\t\t\t\t<div class=\"elementor-element elementor-element-dce1cd9 elementor-align-center elementor-mobile-align-left elementor-widget elementor-widget-button\" data-id=\"dce1cd9\" data-element_type=\"widget\" data-e-type=\"widget\" data-widget_type=\"button.default\">\n\t\t\t\t<div class=\"elementor-widget-container\">\n\t\t\t\t\t\t\t\t\t<div class=\"elementor-button-wrapper\">\n\t\t\t\t\t<a class=\"elementor-button elementor-button-link elementor-size-sm elementor-animation-shrink\" href=\"https:\/\/www.mcondevolkswagen.com\/info\/formulario-stock-chulo-2026\">\n\t\t\t\t\t\t<span class=\"elementor-button-content-wrapper\">\n\t\t\t\t\t\t\t\t\t<span class=\"elementor-button-text\">Pedir cita ya<\/span>\n\t\t\t\t\t<\/span>\n\t\t\t\t\t<\/a>\n\t\t\t\t<\/div>\n\t\t\t\t\t\t\t\t<\/div>\n\t\t\t\t<\/div>\n\t\t\t\t<\/div>\n\t\t\t\t\t<\/div>\n\t\t\t\t<\/div>\n\t\t<div class=\"elementor-element elementor-element-a162fc0 e-flex e-con-boxed e-con e-parent\" data-id=\"a162fc0\" data-element_type=\"container\" data-e-type=\"container\">\n\t\t\t\t\t<div class=\"e-con-inner\">\n\t\t\t\t<div class=\"elementor-element elementor-element-40b20ea elementor-widget elementor-widget-heading\" data-id=\"40b20ea\" data-element_type=\"widget\" data-e-type=\"widget\" data-widget_type=\"heading.default\">\n\t\t\t\t<div class=\"elementor-widget-container\">\n\t\t\t\t\t<h2 class=\"elementor-heading-title elementor-size-default\"><b>\u00bfUn Volkswagen para trabajar?<\/b> Marchando\n\n<\/h2>\t\t\t\t<\/div>\n\t\t\t\t<\/div>\n\t\t\t\t\t<\/div>\n\t\t\t\t<\/div>\n\t\t<div class=\"elementor-element elementor-element-1179ea2 e-flex e-con-boxed e-con e-parent\" data-id=\"1179ea2\" data-element_type=\"container\" data-e-type=\"container\" data-settings=\"{&quot;background_background&quot;:&quot;classic&quot;}\">\n\t\t\t\t\t<div class=\"e-con-inner\">\n\t\t<div class=\"elementor-element elementor-element-ec2aa49 e-con-full e-flex e-con e-child\" data-id=\"ec2aa49\" data-element_type=\"container\" data-e-type=\"container\">\n\t\t<div class=\"elementor-element elementor-element-68e436f e-con-full e-flex e-con e-child\" data-id=\"68e436f\" data-element_type=\"container\" data-e-type=\"container\">\n\t\t<div class=\"elementor-element elementor-element-c4a1dd1 e-con-full e-transform e-flex e-con e-child\" data-id=\"c4a1dd1\" data-element_type=\"container\" data-e-type=\"container\" data-settings=\"{&quot;background_background&quot;:&quot;gradient&quot;,&quot;_transform_scale_effect_hover&quot;:{&quot;unit&quot;:&quot;px&quot;,&quot;size&quot;:1.1,&quot;sizes&quot;:[]},&quot;_transform_scale_effect_hover_tablet&quot;:{&quot;unit&quot;:&quot;px&quot;,&quot;size&quot;:&quot;&quot;,&quot;sizes&quot;:[]},&quot;_transform_scale_effect_hover_mobile&quot;:{&quot;unit&quot;:&quot;px&quot;,&quot;size&quot;:&quot;&quot;,&quot;sizes&quot;:[]}}\">\n\t\t<div class=\"elementor-element elementor-element-ba53c14 e-con-full e-flex e-con e-child\" data-id=\"ba53c14\" data-element_type=\"container\" data-e-type=\"container\">\n\t\t\t\t<div class=\"elementor-element elementor-element-382b7a8 elementor-widget__width-initial elementor-widget elementor-widget-heading\" data-id=\"382b7a8\" data-element_type=\"widget\" data-e-type=\"widget\" data-widget_type=\"heading.default\">\n\t\t\t\t<div class=\"elementor-widget-container\">\n\t\t\t\t\t<h2 class=\"elementor-heading-title elementor-size-default\">ID.3<\/h2>\t\t\t\t<\/div>\n\t\t\t\t<\/div>\n\t\t\t\t<div class=\"elementor-element elementor-element-4869ab6 elementor-widget__width-initial elementor-widget elementor-widget-image\" data-id=\"4869ab6\" data-element_type=\"widget\" data-e-type=\"widget\" data-widget_type=\"image.default\">\n\t\t\t\t<div class=\"elementor-widget-container\">\n\t\t\t\t\t\t\t\t\t\t\t\t\t\t\t<img loading=\"lazy\" decoding=\"async\" width=\"2048\" height=\"2049\" src=\"https:\/\/www.mcondevolkswagen.com\/WP_VW\/wp-content\/uploads\/2025\/02\/DistAmbDGT_CeroEmisiones.svg_.png\" class=\"attachment-full size-full wp-image-2073\" alt=\"\" srcset=\"https:\/\/www.mcondevolkswagen.com\/WP_VW\/wp-content\/uploads\/2025\/02\/DistAmbDGT_CeroEmisiones.svg_.png 2048w, https:\/\/www.mcondevolkswagen.com\/WP_VW\/wp-content\/uploads\/2025\/02\/DistAmbDGT_CeroEmisiones.svg_-300x300.png 300w, https:\/\/www.mcondevolkswagen.com\/WP_VW\/wp-content\/uploads\/2025\/02\/DistAmbDGT_CeroEmisiones.svg_-1024x1024.png 1024w, https:\/\/www.mcondevolkswagen.com\/WP_VW\/wp-content\/uploads\/2025\/02\/DistAmbDGT_CeroEmisiones.svg_-150x150.png 150w, https:\/\/www.mcondevolkswagen.com\/WP_VW\/wp-content\/uploads\/2025\/02\/DistAmbDGT_CeroEmisiones.svg_-768x768.png 768w, https:\/\/www.mcondevolkswagen.com\/WP_VW\/wp-content\/uploads\/2025\/02\/DistAmbDGT_CeroEmisiones.svg_-1536x1536.png 1536w\" sizes=\"(max-width: 2048px) 100vw, 2048px\" \/>\t\t\t\t\t\t\t\t\t\t\t\t\t\t\t<\/div>\n\t\t\t\t<\/div>\n\t\t\t\t<\/div>\n\t\t\t\t<div class=\"elementor-element elementor-element-08a7e9f elementor-widget elementor-widget-heading\" data-id=\"08a7e9f\" data-element_type=\"widget\" data-e-type=\"widget\" data-widget_type=\"heading.default\">\n\t\t\t\t<div class=\"elementor-widget-container\">\n\t\t\t\t\t<h2 class=\"elementor-heading-title elementor-size-default\">Pro 150 kW (204 CV)<\/h2>\t\t\t\t<\/div>\n\t\t\t\t<\/div>\n\t\t\t\t<div class=\"elementor-element elementor-element-4e4d990 elementor-widget elementor-widget-image\" data-id=\"4e4d990\" data-element_type=\"widget\" data-e-type=\"widget\" data-widget_type=\"image.default\">\n\t\t\t\t<div class=\"elementor-widget-container\">\n\t\t\t\t\t\t\t\t\t\t\t\t\t\t\t<img loading=\"lazy\" decoding=\"async\" width=\"431\" height=\"226\" src=\"https:\/\/www.mcondevolkswagen.com\/WP_VW\/wp-content\/uploads\/2024\/12\/id3-1.jpg\" class=\"attachment-large size-large wp-image-1811\" alt=\"\" srcset=\"https:\/\/www.mcondevolkswagen.com\/WP_VW\/wp-content\/uploads\/2024\/12\/id3-1.jpg 431w, https:\/\/www.mcondevolkswagen.com\/WP_VW\/wp-content\/uploads\/2024\/12\/id3-1-300x157.jpg 300w\" sizes=\"(max-width: 431px) 100vw, 431px\" \/>\t\t\t\t\t\t\t\t\t\t\t\t\t\t\t<\/div>\n\t\t\t\t<\/div>\n\t\t\t\t<div class=\"elementor-element elementor-element-32db405 elementor-widget elementor-widget-text-editor\" data-id=\"32db405\" data-element_type=\"widget\" data-e-type=\"widget\" data-widget_type=\"text-editor.default\">\n\t\t\t\t<div class=\"elementor-widget-container\">\n\t\t\t\t\t\t\t\t\t<p><strong>Desde 150\u20ac\/mes<\/strong> con My Renting*<\/p>\t\t\t\t\t\t\t\t<\/div>\n\t\t\t\t<\/div>\n\t\t\t\t<div class=\"elementor-element elementor-element-c62e09c elementor-widget elementor-widget-text-editor\" data-id=\"c62e09c\" data-element_type=\"widget\" data-e-type=\"widget\" data-widget_type=\"text-editor.default\">\n\t\t\t\t<div class=\"elementor-widget-container\">\n\t\t\t\t\t\t\t\t\t<ul><li class=\"TypographyPresentation TypographyPresentation--medium RichText3-paragraph--withVSpacingNormal RichText3-paragraph HighlightSol HighlightSol--buildingBlock\">Bater\u00eda de 59 kWh de capacidad neta<\/li><li class=\"TypographyPresentation TypographyPresentation--medium RichText3-paragraph--withVSpacingNormal RichText3-paragraph HighlightSol HighlightSol--buildingBlock\">Llantas \u00abEast Derry\u00bb de 18&#8243;<\/li><li class=\"TypographyPresentation TypographyPresentation--medium RichText3-paragraph--withVSpacingNormal RichText3-paragraph HighlightSol HighlightSol--buildingBlock\">Faros delanteros Matrix LED<\/li><\/ul>\t\t\t\t\t\t\t\t<\/div>\n\t\t\t\t<\/div>\n\t\t\t\t<\/div>\n\t\t<div class=\"elementor-element elementor-element-5f61095 e-con-full e-transform e-flex e-con e-child\" data-id=\"5f61095\" data-element_type=\"container\" data-e-type=\"container\" data-settings=\"{&quot;background_background&quot;:&quot;gradient&quot;,&quot;_transform_scale_effect_hover&quot;:{&quot;unit&quot;:&quot;px&quot;,&quot;size&quot;:1.1,&quot;sizes&quot;:[]},&quot;_transform_scale_effect_hover_tablet&quot;:{&quot;unit&quot;:&quot;px&quot;,&quot;size&quot;:&quot;&quot;,&quot;sizes&quot;:[]},&quot;_transform_scale_effect_hover_mobile&quot;:{&quot;unit&quot;:&quot;px&quot;,&quot;size&quot;:&quot;&quot;,&quot;sizes&quot;:[]}}\">\n\t\t\t\t<div class=\"elementor-element elementor-element-bdd8323 elementor-widget elementor-widget-heading\" data-id=\"bdd8323\" data-element_type=\"widget\" data-e-type=\"widget\" data-widget_type=\"heading.default\">\n\t\t\t\t<div class=\"elementor-widget-container\">\n\t\t\t\t\t<h2 class=\"elementor-heading-title elementor-size-default\">Origin <\/h2>\t\t\t\t<\/div>\n\t\t\t\t<\/div>\n\t\t\t\t<div class=\"elementor-element elementor-element-e67324f elementor-widget elementor-widget-image\" data-id=\"e67324f\" data-element_type=\"widget\" data-e-type=\"widget\" data-widget_type=\"image.default\">\n\t\t\t\t<div class=\"elementor-widget-container\">\n\t\t\t\t\t\t\t\t\t\t\t\t\t\t\t<img loading=\"lazy\" decoding=\"async\" width=\"431\" height=\"226\" src=\"https:\/\/www.mcondevolkswagen.com\/WP_VW\/wp-content\/uploads\/2025\/05\/id-buzz.jpg\" class=\"attachment-full size-full wp-image-2544\" alt=\"\" srcset=\"https:\/\/www.mcondevolkswagen.com\/WP_VW\/wp-content\/uploads\/2025\/05\/id-buzz.jpg 431w, https:\/\/www.mcondevolkswagen.com\/WP_VW\/wp-content\/uploads\/2025\/05\/id-buzz-300x157.jpg 300w\" sizes=\"(max-width: 431px) 100vw, 431px\" \/>\t\t\t\t\t\t\t\t\t\t\t\t\t\t\t<\/div>\n\t\t\t\t<\/div>\n\t\t\t\t<div class=\"elementor-element elementor-element-a5ad14e elementor-widget elementor-widget-text-editor\" data-id=\"a5ad14e\" data-element_type=\"widget\" data-e-type=\"widget\" data-widget_type=\"text-editor.default\">\n\t\t\t\t<div class=\"elementor-widget-container\">\n\t\t\t\t\t\t\t\t\t<p><strong>Desde 500\u20ac\/mes<\/strong> con My Renting*<\/p>\t\t\t\t\t\t\t\t<\/div>\n\t\t\t\t<\/div>\n\t\t\t\t<div class=\"elementor-element elementor-element-53888d4 elementor-widget elementor-widget-text-editor\" data-id=\"53888d4\" data-element_type=\"widget\" data-e-type=\"widget\" data-widget_type=\"text-editor.default\">\n\t\t\t\t<div class=\"elementor-widget-container\">\n\t\t\t\t\t\t\t\t\t<ul><li>5 asientos<\/li><li>210 kW (286 CV).<\/li><li>El\u00e9ctrico<\/li><\/ul>\t\t\t\t\t\t\t\t<\/div>\n\t\t\t\t<\/div>\n\t\t<div class=\"elementor-element elementor-element-bca6641 e-con-full e-flex e-con e-child\" data-id=\"bca6641\" data-element_type=\"container\" data-e-type=\"container\">\n\t\t\t\t<div class=\"elementor-element elementor-element-17338fb elementor-widget__width-initial elementor-widget elementor-widget-heading\" data-id=\"17338fb\" data-element_type=\"widget\" data-e-type=\"widget\" data-widget_type=\"heading.default\">\n\t\t\t\t<div class=\"elementor-widget-container\">\n\t\t\t\t\t<h2 class=\"elementor-heading-title elementor-size-default\">ID.Buzz<\/h2>\t\t\t\t<\/div>\n\t\t\t\t<\/div>\n\t\t\t\t<div class=\"elementor-element elementor-element-a014079 elementor-widget__width-initial elementor-widget elementor-widget-image\" data-id=\"a014079\" data-element_type=\"widget\" data-e-type=\"widget\" data-widget_type=\"image.default\">\n\t\t\t\t<div class=\"elementor-widget-container\">\n\t\t\t\t\t\t\t\t\t\t\t\t\t\t\t<img loading=\"lazy\" decoding=\"async\" width=\"2048\" height=\"2049\" src=\"https:\/\/www.mcondevolkswagen.com\/WP_VW\/wp-content\/uploads\/2025\/02\/DistAmbDGT_CeroEmisiones.svg_.png\" class=\"attachment-full size-full wp-image-2073\" alt=\"\" srcset=\"https:\/\/www.mcondevolkswagen.com\/WP_VW\/wp-content\/uploads\/2025\/02\/DistAmbDGT_CeroEmisiones.svg_.png 2048w, https:\/\/www.mcondevolkswagen.com\/WP_VW\/wp-content\/uploads\/2025\/02\/DistAmbDGT_CeroEmisiones.svg_-300x300.png 300w, https:\/\/www.mcondevolkswagen.com\/WP_VW\/wp-content\/uploads\/2025\/02\/DistAmbDGT_CeroEmisiones.svg_-1024x1024.png 1024w, https:\/\/www.mcondevolkswagen.com\/WP_VW\/wp-content\/uploads\/2025\/02\/DistAmbDGT_CeroEmisiones.svg_-150x150.png 150w, https:\/\/www.mcondevolkswagen.com\/WP_VW\/wp-content\/uploads\/2025\/02\/DistAmbDGT_CeroEmisiones.svg_-768x768.png 768w, https:\/\/www.mcondevolkswagen.com\/WP_VW\/wp-content\/uploads\/2025\/02\/DistAmbDGT_CeroEmisiones.svg_-1536x1536.png 1536w\" sizes=\"(max-width: 2048px) 100vw, 2048px\" \/>\t\t\t\t\t\t\t\t\t\t\t\t\t\t\t<\/div>\n\t\t\t\t<\/div>\n\t\t\t\t<\/div>\n\t\t\t\t<\/div>\n\t\t<div class=\"elementor-element elementor-element-3a98329 e-con-full e-transform e-flex e-con e-child\" data-id=\"3a98329\" data-element_type=\"container\" data-e-type=\"container\" data-settings=\"{&quot;background_background&quot;:&quot;gradient&quot;,&quot;_transform_scale_effect_hover&quot;:{&quot;unit&quot;:&quot;px&quot;,&quot;size&quot;:1.1,&quot;sizes&quot;:[]},&quot;_transform_scale_effect_hover_tablet&quot;:{&quot;unit&quot;:&quot;px&quot;,&quot;size&quot;:&quot;&quot;,&quot;sizes&quot;:[]},&quot;_transform_scale_effect_hover_mobile&quot;:{&quot;unit&quot;:&quot;px&quot;,&quot;size&quot;:&quot;&quot;,&quot;sizes&quot;:[]}}\">\n\t\t\t\t<div class=\"elementor-element elementor-element-98d40c0 elementor-widget elementor-widget-heading\" data-id=\"98d40c0\" data-element_type=\"widget\" data-e-type=\"widget\" data-widget_type=\"heading.default\">\n\t\t\t\t<div class=\"elementor-widget-container\">\n\t\t\t\t\t<h2 class=\"elementor-heading-title elementor-size-default\">85 kW (115CV) \n<\/h2>\t\t\t\t<\/div>\n\t\t\t\t<\/div>\n\t\t\t\t<div class=\"elementor-element elementor-element-1e77d18 elementor-widget elementor-widget-image\" data-id=\"1e77d18\" data-element_type=\"widget\" data-e-type=\"widget\" data-widget_type=\"image.default\">\n\t\t\t\t<div class=\"elementor-widget-container\">\n\t\t\t\t\t\t\t\t\t\t\t\t\t\t\t<img loading=\"lazy\" decoding=\"async\" width=\"431\" height=\"226\" src=\"https:\/\/www.mcondevolkswagen.com\/WP_VW\/wp-content\/uploads\/2025\/05\/multivan.jpg\" class=\"attachment-full size-full wp-image-2545\" alt=\"\" srcset=\"https:\/\/www.mcondevolkswagen.com\/WP_VW\/wp-content\/uploads\/2025\/05\/multivan.jpg 431w, https:\/\/www.mcondevolkswagen.com\/WP_VW\/wp-content\/uploads\/2025\/05\/multivan-300x157.jpg 300w\" sizes=\"(max-width: 431px) 100vw, 431px\" \/>\t\t\t\t\t\t\t\t\t\t\t\t\t\t\t<\/div>\n\t\t\t\t<\/div>\n\t\t\t\t<div class=\"elementor-element elementor-element-9dd3125 elementor-widget elementor-widget-text-editor\" data-id=\"9dd3125\" data-element_type=\"widget\" data-e-type=\"widget\" data-widget_type=\"text-editor.default\">\n\t\t\t\t<div class=\"elementor-widget-container\">\n\t\t\t\t\t\t\t\t\t<p><strong>Desde 400\u20ac\/mes<\/strong> con My Renting*<\/p>\t\t\t\t\t\t\t\t<\/div>\n\t\t\t\t<\/div>\n\t\t\t\t<div class=\"elementor-element elementor-element-d7b748b elementor-widget elementor-widget-text-editor\" data-id=\"d7b748b\" data-element_type=\"widget\" data-e-type=\"widget\" data-widget_type=\"text-editor.default\">\n\t\t\t\t<div class=\"elementor-widget-container\">\n\t\t\t\t\t\t\t\t\t<ul><li>DSG 6 Vel.<\/li><li>4MOTION H\u00edbrido enchufable<\/li><\/ul>\t\t\t\t\t\t\t\t<\/div>\n\t\t\t\t<\/div>\n\t\t<div class=\"elementor-element elementor-element-59190b4 e-con-full e-flex e-con e-child\" data-id=\"59190b4\" data-element_type=\"container\" data-e-type=\"container\">\n\t\t\t\t<div class=\"elementor-element elementor-element-d72fff6 elementor-widget__width-initial elementor-widget elementor-widget-heading\" data-id=\"d72fff6\" data-element_type=\"widget\" data-e-type=\"widget\" data-widget_type=\"heading.default\">\n\t\t\t\t<div class=\"elementor-widget-container\">\n\t\t\t\t\t<h2 class=\"elementor-heading-title elementor-size-default\">Multivan<\/h2>\t\t\t\t<\/div>\n\t\t\t\t<\/div>\n\t\t\t\t<div class=\"elementor-element elementor-element-eb2b3ae elementor-widget__width-initial elementor-widget elementor-widget-image\" data-id=\"eb2b3ae\" data-element_type=\"widget\" data-e-type=\"widget\" data-widget_type=\"image.default\">\n\t\t\t\t<div class=\"elementor-widget-container\">\n\t\t\t\t\t\t\t\t\t\t\t\t\t\t\t<img loading=\"lazy\" decoding=\"async\" width=\"2048\" height=\"2049\" src=\"https:\/\/www.mcondevolkswagen.com\/WP_VW\/wp-content\/uploads\/2025\/02\/DistAmbDGT_CeroEmisiones.svg_.png\" class=\"attachment-full size-full wp-image-2073\" alt=\"\" srcset=\"https:\/\/www.mcondevolkswagen.com\/WP_VW\/wp-content\/uploads\/2025\/02\/DistAmbDGT_CeroEmisiones.svg_.png 2048w, https:\/\/www.mcondevolkswagen.com\/WP_VW\/wp-content\/uploads\/2025\/02\/DistAmbDGT_CeroEmisiones.svg_-300x300.png 300w, https:\/\/www.mcondevolkswagen.com\/WP_VW\/wp-content\/uploads\/2025\/02\/DistAmbDGT_CeroEmisiones.svg_-1024x1024.png 1024w, https:\/\/www.mcondevolkswagen.com\/WP_VW\/wp-content\/uploads\/2025\/02\/DistAmbDGT_CeroEmisiones.svg_-150x150.png 150w, https:\/\/www.mcondevolkswagen.com\/WP_VW\/wp-content\/uploads\/2025\/02\/DistAmbDGT_CeroEmisiones.svg_-768x768.png 768w, https:\/\/www.mcondevolkswagen.com\/WP_VW\/wp-content\/uploads\/2025\/02\/DistAmbDGT_CeroEmisiones.svg_-1536x1536.png 1536w\" sizes=\"(max-width: 2048px) 100vw, 2048px\" \/>\t\t\t\t\t\t\t\t\t\t\t\t\t\t\t<\/div>\n\t\t\t\t<\/div>\n\t\t\t\t<\/div>\n\t\t\t\t<\/div>\n\t\t<div class=\"elementor-element elementor-element-cec0fd7 e-con-full e-transform e-flex e-con e-child\" data-id=\"cec0fd7\" data-element_type=\"container\" data-e-type=\"container\" data-settings=\"{&quot;background_background&quot;:&quot;gradient&quot;,&quot;_transform_scale_effect_hover&quot;:{&quot;unit&quot;:&quot;px&quot;,&quot;size&quot;:1.1,&quot;sizes&quot;:[]},&quot;_transform_scale_effect_hover_tablet&quot;:{&quot;unit&quot;:&quot;px&quot;,&quot;size&quot;:&quot;&quot;,&quot;sizes&quot;:[]},&quot;_transform_scale_effect_hover_mobile&quot;:{&quot;unit&quot;:&quot;px&quot;,&quot;size&quot;:&quot;&quot;,&quot;sizes&quot;:[]}}\">\n\t\t\t\t<div class=\"elementor-element elementor-element-eae7e9e elementor-widget elementor-widget-heading\" data-id=\"eae7e9e\" data-element_type=\"widget\" data-e-type=\"widget\" data-widget_type=\"heading.default\">\n\t\t\t\t<div class=\"elementor-widget-container\">\n\t\t\t\t\t<h2 class=\"elementor-heading-title elementor-size-default\">Beach 2.0 TDI \n<\/h2>\t\t\t\t<\/div>\n\t\t\t\t<\/div>\n\t\t\t\t<div class=\"elementor-element elementor-element-f85b101 elementor-widget elementor-widget-image\" data-id=\"f85b101\" data-element_type=\"widget\" data-e-type=\"widget\" data-widget_type=\"image.default\">\n\t\t\t\t<div class=\"elementor-widget-container\">\n\t\t\t\t\t\t\t\t\t\t\t\t\t\t\t<img loading=\"lazy\" decoding=\"async\" width=\"431\" height=\"226\" src=\"https:\/\/www.mcondevolkswagen.com\/WP_VW\/wp-content\/uploads\/2025\/05\/california.jpg\" class=\"attachment-full size-full wp-image-2546\" alt=\"\" srcset=\"https:\/\/www.mcondevolkswagen.com\/WP_VW\/wp-content\/uploads\/2025\/05\/california.jpg 431w, https:\/\/www.mcondevolkswagen.com\/WP_VW\/wp-content\/uploads\/2025\/05\/california-300x157.jpg 300w\" sizes=\"(max-width: 431px) 100vw, 431px\" \/>\t\t\t\t\t\t\t\t\t\t\t\t\t\t\t<\/div>\n\t\t\t\t<\/div>\n\t\t\t\t<div class=\"elementor-element elementor-element-e4cff43 elementor-widget elementor-widget-text-editor\" data-id=\"e4cff43\" data-element_type=\"widget\" data-e-type=\"widget\" data-widget_type=\"text-editor.default\">\n\t\t\t\t<div class=\"elementor-widget-container\">\n\t\t\t\t\t\t\t\t\t<p><strong>Desde 420\/mes<\/strong> con My Renting*<\/p>\t\t\t\t\t\t\t\t<\/div>\n\t\t\t\t<\/div>\n\t\t\t\t<div class=\"elementor-element elementor-element-1351de3 elementor-widget elementor-widget-text-editor\" data-id=\"1351de3\" data-element_type=\"widget\" data-e-type=\"widget\" data-widget_type=\"text-editor.default\">\n\t\t\t\t<div class=\"elementor-widget-container\">\n\t\t\t\t\t\t\t\t\t<ul><li>Mantenimiento, asistencia, servicio de seguro y servicio complementario de reparaciones.<\/li><\/ul>\t\t\t\t\t\t\t\t<\/div>\n\t\t\t\t<\/div>\n\t\t<div class=\"elementor-element elementor-element-b5697f5 e-con-full e-flex e-con e-child\" data-id=\"b5697f5\" data-element_type=\"container\" data-e-type=\"container\">\n\t\t\t\t<div class=\"elementor-element elementor-element-3a846ce elementor-widget__width-initial elementor-widget elementor-widget-heading\" data-id=\"3a846ce\" data-element_type=\"widget\" data-e-type=\"widget\" data-widget_type=\"heading.default\">\n\t\t\t\t<div class=\"elementor-widget-container\">\n\t\t\t\t\t<h2 class=\"elementor-heading-title elementor-size-default\">California<\/h2>\t\t\t\t<\/div>\n\t\t\t\t<\/div>\n\t\t\t\t<div class=\"elementor-element elementor-element-3fa6fe8 elementor-widget__width-initial elementor-widget elementor-widget-image\" data-id=\"3fa6fe8\" data-element_type=\"widget\" data-e-type=\"widget\" data-widget_type=\"image.default\">\n\t\t\t\t<div class=\"elementor-widget-container\">\n\t\t\t\t\t\t\t\t\t\t\t\t\t\t\t<img loading=\"lazy\" decoding=\"async\" width=\"2048\" height=\"2049\" src=\"https:\/\/www.mcondevolkswagen.com\/WP_VW\/wp-content\/uploads\/2025\/02\/DistAmbDGT_CeroEmisiones.svg_.png\" class=\"attachment-full size-full wp-image-2073\" alt=\"\" srcset=\"https:\/\/www.mcondevolkswagen.com\/WP_VW\/wp-content\/uploads\/2025\/02\/DistAmbDGT_CeroEmisiones.svg_.png 2048w, https:\/\/www.mcondevolkswagen.com\/WP_VW\/wp-content\/uploads\/2025\/02\/DistAmbDGT_CeroEmisiones.svg_-300x300.png 300w, https:\/\/www.mcondevolkswagen.com\/WP_VW\/wp-content\/uploads\/2025\/02\/DistAmbDGT_CeroEmisiones.svg_-1024x1024.png 1024w, https:\/\/www.mcondevolkswagen.com\/WP_VW\/wp-content\/uploads\/2025\/02\/DistAmbDGT_CeroEmisiones.svg_-150x150.png 150w, https:\/\/www.mcondevolkswagen.com\/WP_VW\/wp-content\/uploads\/2025\/02\/DistAmbDGT_CeroEmisiones.svg_-768x768.png 768w, https:\/\/www.mcondevolkswagen.com\/WP_VW\/wp-content\/uploads\/2025\/02\/DistAmbDGT_CeroEmisiones.svg_-1536x1536.png 1536w\" sizes=\"(max-width: 2048px) 100vw, 2048px\" \/>\t\t\t\t\t\t\t\t\t\t\t\t\t\t\t<\/div>\n\t\t\t\t<\/div>\n\t\t\t\t<\/div>\n\t\t\t\t<\/div>\n\t\t<div class=\"elementor-element elementor-element-da701b5 e-con-full e-transform e-flex e-con e-child\" data-id=\"da701b5\" data-element_type=\"container\" data-e-type=\"container\" data-settings=\"{&quot;background_background&quot;:&quot;gradient&quot;,&quot;_transform_scale_effect_hover&quot;:{&quot;unit&quot;:&quot;px&quot;,&quot;size&quot;:1.1,&quot;sizes&quot;:[]},&quot;_transform_scale_effect_hover_tablet&quot;:{&quot;unit&quot;:&quot;px&quot;,&quot;size&quot;:&quot;&quot;,&quot;sizes&quot;:[]},&quot;_transform_scale_effect_hover_mobile&quot;:{&quot;unit&quot;:&quot;px&quot;,&quot;size&quot;:&quot;&quot;,&quot;sizes&quot;:[]}}\">\n\t\t\t\t<div class=\"elementor-element elementor-element-74bd945 elementor-widget elementor-widget-heading\" data-id=\"74bd945\" data-element_type=\"widget\" data-e-type=\"widget\" data-widget_type=\"heading.default\">\n\t\t\t\t<div class=\"elementor-widget-container\">\n\t\t\t\t\t<h2 class=\"elementor-heading-title elementor-size-default\">1.0 TSI 85 kW (115 CV)\n<\/h2>\t\t\t\t<\/div>\n\t\t\t\t<\/div>\n\t\t\t\t<div class=\"elementor-element elementor-element-7ea431c elementor-widget elementor-widget-image\" data-id=\"7ea431c\" data-element_type=\"widget\" data-e-type=\"widget\" data-widget_type=\"image.default\">\n\t\t\t\t<div class=\"elementor-widget-container\">\n\t\t\t\t\t\t\t\t\t\t\t\t\t\t\t<img loading=\"lazy\" decoding=\"async\" width=\"431\" height=\"226\" src=\"https:\/\/www.mcondevolkswagen.com\/WP_VW\/wp-content\/uploads\/2025\/05\/caddy.jpg\" class=\"attachment-full size-full wp-image-2547\" alt=\"\" srcset=\"https:\/\/www.mcondevolkswagen.com\/WP_VW\/wp-content\/uploads\/2025\/05\/caddy.jpg 431w, https:\/\/www.mcondevolkswagen.com\/WP_VW\/wp-content\/uploads\/2025\/05\/caddy-300x157.jpg 300w\" sizes=\"(max-width: 431px) 100vw, 431px\" \/>\t\t\t\t\t\t\t\t\t\t\t\t\t\t\t<\/div>\n\t\t\t\t<\/div>\n\t\t\t\t<div class=\"elementor-element elementor-element-5de35b4 elementor-widget elementor-widget-text-editor\" data-id=\"5de35b4\" data-element_type=\"widget\" data-e-type=\"widget\" data-widget_type=\"text-editor.default\">\n\t\t\t\t<div class=\"elementor-widget-container\">\n\t\t\t\t\t\t\t\t\t<p><strong>Desde 360\u20ac\/mes<\/strong> con My Renting*<\/p>\t\t\t\t\t\t\t\t<\/div>\n\t\t\t\t<\/div>\n\t\t\t\t<div class=\"elementor-element elementor-element-7b205d3 elementor-widget elementor-widget-text-editor\" data-id=\"7b205d3\" data-element_type=\"widget\" data-e-type=\"widget\" data-widget_type=\"text-editor.default\">\n\t\t\t\t<div class=\"elementor-widget-container\">\n\t\t\t\t\t\t\t\t\t<ul><li>Mantenimiento, asistencia, servicio de seguro y servicio complementario de reparaciones.<\/li><\/ul>\t\t\t\t\t\t\t\t<\/div>\n\t\t\t\t<\/div>\n\t\t<div class=\"elementor-element elementor-element-86d3cd2 e-con-full e-flex e-con e-child\" data-id=\"86d3cd2\" data-element_type=\"container\" data-e-type=\"container\">\n\t\t\t\t<div class=\"elementor-element elementor-element-c0bed17 elementor-widget__width-initial elementor-widget elementor-widget-heading\" data-id=\"c0bed17\" data-element_type=\"widget\" data-e-type=\"widget\" data-widget_type=\"heading.default\">\n\t\t\t\t<div class=\"elementor-widget-container\">\n\t\t\t\t\t<h2 class=\"elementor-heading-title elementor-size-default\">Caddy<\/h2>\t\t\t\t<\/div>\n\t\t\t\t<\/div>\n\t\t\t\t<div class=\"elementor-element elementor-element-0e15545 elementor-widget__width-initial elementor-widget elementor-widget-image\" data-id=\"0e15545\" data-element_type=\"widget\" data-e-type=\"widget\" data-widget_type=\"image.default\">\n\t\t\t\t<div class=\"elementor-widget-container\">\n\t\t\t\t\t\t\t\t\t\t\t\t\t\t\t<img loading=\"lazy\" decoding=\"async\" width=\"2048\" height=\"2049\" src=\"https:\/\/www.mcondevolkswagen.com\/WP_VW\/wp-content\/uploads\/2025\/02\/DistAmbDGT_CeroEmisiones.svg_.png\" class=\"attachment-full size-full wp-image-2073\" alt=\"\" srcset=\"https:\/\/www.mcondevolkswagen.com\/WP_VW\/wp-content\/uploads\/2025\/02\/DistAmbDGT_CeroEmisiones.svg_.png 2048w, https:\/\/www.mcondevolkswagen.com\/WP_VW\/wp-content\/uploads\/2025\/02\/DistAmbDGT_CeroEmisiones.svg_-300x300.png 300w, https:\/\/www.mcondevolkswagen.com\/WP_VW\/wp-content\/uploads\/2025\/02\/DistAmbDGT_CeroEmisiones.svg_-1024x1024.png 1024w, https:\/\/www.mcondevolkswagen.com\/WP_VW\/wp-content\/uploads\/2025\/02\/DistAmbDGT_CeroEmisiones.svg_-150x150.png 150w, https:\/\/www.mcondevolkswagen.com\/WP_VW\/wp-content\/uploads\/2025\/02\/DistAmbDGT_CeroEmisiones.svg_-768x768.png 768w, https:\/\/www.mcondevolkswagen.com\/WP_VW\/wp-content\/uploads\/2025\/02\/DistAmbDGT_CeroEmisiones.svg_-1536x1536.png 1536w\" sizes=\"(max-width: 2048px) 100vw, 2048px\" \/>\t\t\t\t\t\t\t\t\t\t\t\t\t\t\t<\/div>\n\t\t\t\t<\/div>\n\t\t\t\t<\/div>\n\t\t\t\t<\/div>\n\t\t\t\t<\/div>\n\t\t\t\t<div class=\"elementor-element elementor-element-38a36a7 elementor-align-center elementor-mobile-align-left elementor-widget elementor-widget-button\" data-id=\"38a36a7\" data-element_type=\"widget\" data-e-type=\"widget\" data-widget_type=\"button.default\">\n\t\t\t\t<div class=\"elementor-widget-container\">\n\t\t\t\t\t\t\t\t\t<div class=\"elementor-button-wrapper\">\n\t\t\t\t\t<a class=\"elementor-button elementor-button-link elementor-size-sm elementor-animation-shrink\" href=\"https:\/\/www.mcondevolkswagen.com\/info\/formulario-stock-chulo-2026\">\n\t\t\t\t\t\t<span class=\"elementor-button-content-wrapper\">\n\t\t\t\t\t\t\t\t\t<span class=\"elementor-button-text\">Pedir cita ya<\/span>\n\t\t\t\t\t<\/span>\n\t\t\t\t\t<\/a>\n\t\t\t\t<\/div>\n\t\t\t\t\t\t\t\t<\/div>\n\t\t\t\t<\/div>\n\t\t\t\t<\/div>\n\t\t\t\t\t<\/div>\n\t\t\t\t<\/div>\n\t\t<div class=\"elementor-element elementor-element-72c34fe bg-radial-blue e-flex e-con-boxed e-con e-parent\" data-id=\"72c34fe\" data-element_type=\"container\" data-e-type=\"container\">\n\t\t\t\t\t<div class=\"e-con-inner\">\n\t\t\t\t<div class=\"elementor-element elementor-element-982c038 elementor-widget elementor-widget-image\" data-id=\"982c038\" data-element_type=\"widget\" data-e-type=\"widget\" data-settings=\"{&quot;motion_fx_motion_fx_scrolling&quot;:&quot;yes&quot;,&quot;motion_fx_rotateZ_effect&quot;:&quot;yes&quot;,&quot;motion_fx_rotateZ_speed&quot;:{&quot;unit&quot;:&quot;px&quot;,&quot;size&quot;:2.9,&quot;sizes&quot;:[]},&quot;motion_fx_rotateZ_affectedRange&quot;:{&quot;unit&quot;:&quot;%&quot;,&quot;size&quot;:&quot;&quot;,&quot;sizes&quot;:{&quot;start&quot;:50,&quot;end&quot;:100}},&quot;motion_fx_devices&quot;:[&quot;desktop&quot;,&quot;tablet&quot;,&quot;mobile&quot;]}\" data-widget_type=\"image.default\">\n\t\t\t\t<div class=\"elementor-widget-container\">\n\t\t\t\t\t\t\t\t\t\t\t\t\t\t\t<img loading=\"lazy\" decoding=\"async\" width=\"600\" height=\"465\" src=\"https:\/\/www.mcondevolkswagen.com\/WP_VW\/wp-content\/uploads\/2025\/05\/clavel.png\" class=\"attachment-full size-full wp-image-2555\" alt=\"\" srcset=\"https:\/\/www.mcondevolkswagen.com\/WP_VW\/wp-content\/uploads\/2025\/05\/clavel.png 600w, https:\/\/www.mcondevolkswagen.com\/WP_VW\/wp-content\/uploads\/2025\/05\/clavel-300x233.png 300w\" sizes=\"(max-width: 600px) 100vw, 600px\" \/>\t\t\t\t\t\t\t\t\t\t\t\t\t\t\t<\/div>\n\t\t\t\t<\/div>\n\t\t\t\t<div class=\"elementor-element elementor-element-5c4f45b elementor-widget elementor-widget-heading\" data-id=\"5c4f45b\" data-element_type=\"widget\" data-e-type=\"widget\" data-widget_type=\"heading.default\">\n\t\t\t\t<div class=\"elementor-widget-container\">\n\t\t\t\t\t<h2 class=\"elementor-heading-title elementor-size-default\"><b>Ha llegado el momento de seguir tu instinto<\/b>\n\n<\/h2>\t\t\t\t<\/div>\n\t\t\t\t<\/div>\n\t\t\t\t<div class=\"elementor-element elementor-element-ccf162c elementor-widget elementor-widget-heading\" data-id=\"ccf162c\" data-element_type=\"widget\" data-e-type=\"widget\" data-widget_type=\"heading.default\">\n\t\t\t\t<div class=\"elementor-widget-container\">\n\t\t\t\t\t<h2 class=\"elementor-heading-title elementor-size-default\"><b>20, 21 y 22 de mayo, <\/b>exclusivo en Volkswagen M.Conde - Ferper\n\n\n<\/h2>\t\t\t\t<\/div>\n\t\t\t\t<\/div>\n\t\t\t\t<div class=\"elementor-element elementor-element-f42c5dd elementor-widget elementor-widget-text-editor\" data-id=\"f42c5dd\" data-element_type=\"widget\" data-e-type=\"widget\" data-widget_type=\"text-editor.default\">\n\t\t\t\t<div class=\"elementor-widget-container\">\n\t\t\t\t\t\t\t\t\t<p>Concesionarios oficiales en Madrid | Madrid (Aguacate), Legan\u00e9s, Majadahonda, Las Rozas y Pozuelo.<\/p>\t\t\t\t\t\t\t\t<\/div>\n\t\t\t\t<\/div>\n\t\t\t\t\t<\/div>\n\t\t\t\t<\/div>\n\t\t<div class=\"elementor-element elementor-element-7ede1bd e-flex e-con-boxed e-con e-parent\" data-id=\"7ede1bd\" data-element_type=\"container\" data-e-type=\"container\" data-settings=\"{&quot;background_background&quot;:&quot;classic&quot;,&quot;sticky&quot;:&quot;bottom&quot;,&quot;sticky_on&quot;:[&quot;desktop&quot;,&quot;tablet&quot;,&quot;mobile&quot;],&quot;sticky_offset&quot;:0,&quot;sticky_effects_offset&quot;:0,&quot;sticky_anchor_link_offset&quot;:0}\">\n\t\t\t\t\t<div class=\"e-con-inner\">\n\t\t\t\t<div class=\"elementor-element elementor-element-52a9f67 elementor-widget-tablet__width-initial elementor-hidden-mobile elementor-widget elementor-widget-text-editor\" data-id=\"52a9f67\" data-element_type=\"widget\" data-e-type=\"widget\" data-widget_type=\"text-editor.default\">\n\t\t\t\t<div class=\"elementor-widget-container\">\n\t\t\t\t\t\t\t\t\t<strong>Tiempo disponible:<\/strong> \t\t\t\t\t\t\t\t<\/div>\n\t\t\t\t<\/div>\n\t\t\t\t<div class=\"elementor-element elementor-element-d173ca0 elementor-align-center elementor-mobile-align-left elementor-widget elementor-widget-button\" data-id=\"d173ca0\" data-element_type=\"widget\" data-e-type=\"widget\" data-widget_type=\"button.default\">\n\t\t\t\t<div class=\"elementor-widget-container\">\n\t\t\t\t\t\t\t\t\t<div class=\"elementor-button-wrapper\">\n\t\t\t\t\t<a class=\"elementor-button elementor-button-link elementor-size-sm elementor-animation-shrink\" href=\"https:\/\/www.mcondevolkswagen.com\/info\/formulario-stock-chulo-2026\">\n\t\t\t\t\t\t<span class=\"elementor-button-content-wrapper\">\n\t\t\t\t\t\t\t\t\t<span class=\"elementor-button-text\">Pedir cita ya<\/span>\n\t\t\t\t\t<\/span>\n\t\t\t\t\t<\/a>\n\t\t\t\t<\/div>\n\t\t\t\t\t\t\t\t<\/div>\n\t\t\t\t<\/div>\n\t\t\t\t<div class=\"elementor-element elementor-element-605fd0f elementor-countdown--label-block elementor-widget elementor-widget-countdown\" data-id=\"605fd0f\" data-element_type=\"widget\" data-e-type=\"widget\" data-widget_type=\"countdown.default\">\n\t\t\t\t<div class=\"elementor-widget-container\">\n\t\t\t\t\t\t\t<div data-expire-actions=\"[{&quot;type&quot;:&quot;hide&quot;}]\" class=\"elementor-countdown-wrapper\" data-date=\"1779232560\">\n\t\t\t<div class=\"elementor-countdown-item\"><span class=\"elementor-countdown-digits elementor-countdown-days\"><\/span> <span class=\"elementor-countdown-label\">D\u00edas<\/span><\/div><div class=\"elementor-countdown-item\"><span class=\"elementor-countdown-digits elementor-countdown-hours\"><\/span> <span class=\"elementor-countdown-label\">Horas<\/span><\/div><div class=\"elementor-countdown-item\"><span class=\"elementor-countdown-digits elementor-countdown-minutes\"><\/span> <span class=\"elementor-countdown-label\">Minutos<\/span><\/div><div class=\"elementor-countdown-item\"><span class=\"elementor-countdown-digits elementor-countdown-seconds\"><\/span> <span class=\"elementor-countdown-label\">Segundos<\/span><\/div>\t\t<\/div>\n\t\t\t\t\t\t<\/div>\n\t\t\t\t<\/div>\n\t\t\t\t\t<\/div>\n\t\t\t\t<\/div>\n\t\t<div class=\"elementor-element elementor-element-8768b00 e-flex e-con-boxed e-con e-parent\" data-id=\"8768b00\" data-element_type=\"container\" data-e-type=\"container\">\n\t\t\t\t\t<div class=\"e-con-inner\">\n\t\t\t\t<div class=\"elementor-element elementor-element-aa8ab7c elementor-widget elementor-widget-text-editor\" data-id=\"aa8ab7c\" data-element_type=\"widget\" data-e-type=\"widget\" data-widget_type=\"text-editor.default\">\n\t\t\t\t<div class=\"elementor-widget-container\">\n\t\t\t\t\t\t\t\t\t<p>*Promoci\u00f3n v\u00e1lida del 20 al 23 de mayo del 2026. Consultar condiciones, consumo y emisiones particulares en mcondevolkswagen.com.\u00a0Campa\u00f1a Volkswagen M.Conde &#8211; Ferper del 20 al 23 de mayo de 2026. Consulta condiciones de la promoci\u00f3n en nuestros concesionarios Volkswagen M.Conde y Ferper.<\/p><p>*PVP recomendado en Pen\u00ednsula y Baleares para un Volkswagen Nuevo T\u2011Roc 1.5 eTSI 85 kW (116 CV) DSG 7 vel. de 29.600\u20ac. El precio incluye IVA, Impuestos de Matriculaci\u00f3n, Transporte, descuento de marca y concesionario, y bonificaciones de Volkswagen Financial Services. Oferta v\u00e1lida hasta el 30\/04\/2026 para clientes particulares que financien a trav\u00e9s de Volkswagen Financial Services seg\u00fan condiciones actuales con un capital m\u00ednimo de 14.001\u20ac, duraci\u00f3n m\u00ednima de 60 meses y permanencia m\u00ednima de 36 meses. Campa\u00f1a incompatible con otras ofertas financieras. Volkswagen Financial Services es una marca comercializada por Volkswagen Bank GmbH S.E. Avda. Bruselas, 34 &#8211; 28108 Alcobendas. Reg. Mercantil de Madrid. Tomo 16828, Secci\u00f3n 8, Folio 184, Hoja M-287573, Inscrita con el n\u00ba 1480 del Reg. Especial del Banco de Espa\u00f1a &#8211; CIF. W-0042741I.Consumo de combustible gama Nuevo T\u2011Roc combinado WLTP (l\/100km): 5,5 &#8211; 5,6 L\/100km, emisiones de CO2 (g\/km) WLTP: 125 &#8211; 127 g\/km.<\/p><p>*Oferta calculada para un Volkswagen Tiguan 1.5 eTSI 96kw (130 CV) DSG 7 vel. PVP recomendado en Pen\u00ednsula y Baleares 35.232,78\u20ac (IVA incluido). Precio financiado: 35.232,78\u20ac. Importe total del cr\u00e9dito: 29.541,99\u20ac. Comisi\u00f3n de apertura al contado: 3,5% (1.033,97\u20ac). Importe total adeudado: 36.465,28\u20ac. Precio total a plazos: 42.156,07\u20ac. TIN: 6,99%. **TAE: 8,71%**. Entrada: 5.690,79\u20ac. 36 mensualidades de 250\u20ac. Importe de los intereses: 5.889,32\u20ac. Coste total del cr\u00e9dito: 6.923,29\u20ac. Precio al contado: 35.861,53\u20ac. Sistema de amortizaci\u00f3n franc\u00e9s. Oferta v\u00e1lida para clientes particulares hasta el 30\/04\/2026. Cr\u00e9dito m\u00ednimo de 14.000\u20ac. Cuota final en el mes 36 de 26.431,31\u20ac (calculada con 10.000km anuales). Volkswagen Financial Services es una marca comercializada por Volkswagen Bank GmbH S.E. Avda. Bruselas, 34 &#8211; 28108 Alcobendas. Reg. Mercantil de Madrid. Tomo 16828, Secci\u00f3n 8, Folio 184, Hoja M-287573, Inscrita con el n\u00ba 1480 del Reg. Especial del Banco de Espa\u00f1a &#8211; CIF. W-0042741I.Consumo de combustible gama Tiguan combinado WLTP (l\/100km): 5,8 &#8211; 6,1 L\/100km, emisiones de CO2 (g\/km) WLTP: 132 &#8211; 138 g\/km.<\/p><p>*PVP recomendado en Pen\u00ednsula y Baleares para un Volkswagen Golf Match PHEV eHybrid 1.5 TSI 150kW (204 CV) DSG 6 vel. de 31.500\u20ac. El precio incluye IVA, Impuestos de Matriculaci\u00f3n, Transporte, descuento de marca y concesionario, y bonificaciones de Volkswagen Financial Services. Oferta v\u00e1lida hasta el 30\/04\/2026 para clientes particulares que financien a trav\u00e9s de Volkswagen Financial Services seg\u00fan condiciones actuales con un capital m\u00ednimo de 15.000\u20ac, duraci\u00f3n m\u00ednima de 60 meses y permanencia m\u00ednima de 36 meses. Campa\u00f1a incompatible con otras oferetas financieras. El precio indicado incluye la ayuda del programa de incentivos a la movilidad eficiente y sostenible (Programa PLAN AUTO+) para particulares por importe de 3.375\u20ac sujeto a aprobaci\u00f3n y que podr\u00eda no estar disponible. Volkswagen Financial Services es una marca comercializada por Volkswagen Bank GmbH S.E. Avda. Bruselas, 34 &#8211; 28108 Alcobendas. Reg. Mercantil de Madrid. Tomo 16828, Secci\u00f3n 8, Folio 184, Hoja M-287573, Inscrita con el n\u00ba 1480 del Reg. Especial del Banco de Espa\u00f1a &#8211; CIF. W-0042741I.Consumo de combustible gama Golf Match PHEV combinado WLTP (l\/100km): 1,1 &#8211; 1,2 L\/100km, emisiones de CO2 (g\/km) WLTP: 25 &#8211; 28 g\/km.. Consumo el\u00e9ctrico combinado WLTP (kWh\/100km): 12,1 &#8211; 12,6 kWh\/100km.<\/p><p>*PVP recomendado en Pen\u00ednsula y Baleares para un Volkswagen T\u2011Cross 1.0 TSI 70 kW (95 CV) 5 vel. de 19.700\u20ac. El precio incluye IVA, Impuestos de Matriculaci\u00f3n, Transporte, descuento de marca y concesionario, y bonificaciones de Volkswagen Financial Services. Oferta v\u00e1lida hasta el 30\/04\/2026 para clientes particulares que financien a trav\u00e9s de Volkswagen Financial Services seg\u00fan condiciones actuales con un capital m\u00ednimo de 14.000\u20ac, duraci\u00f3n m\u00ednima de 60 meses y permanencia m\u00ednima de 36 meses. Campa\u00f1a incompatible con otras ofertas financieras. Volkswagen Financial Services es una marca comercializada por Volkswagen Bank GmbH S.E. Avda. Bruselas, 34 &#8211; 28108 Alcobendas. Reg. Mercantil de Madrid. Tomo 16828, Secci\u00f3n 8, Folio 184, Hoja M-287573, Inscrita con el n\u00ba 1480 del Reg. Especial del Banco de Espa\u00f1a &#8211; CIF. W-0042741I.Consumo de combustible gama T\u2011Cross combinado WLTP (l\/100km): 5,4 &#8211; 5,5 L\/100km, emisiones de CO2 (g\/km) WLTP: 124 &#8211; 126 g\/km.<\/p>\t\t\t\t\t\t\t\t<\/div>\n\t\t\t\t<\/div>\n\t\t\t\t\t<\/div>\n\t\t\t\t<\/div>\n\t\t\t\t<\/div>\n\t\t","protected":false},"excerpt":{"rendered":"<p>Las mejores condiciones de todo el a\u00f1o Del 20 al 23 de Mayo Pedir cita ya M\u00e1s de 100 unidades disponibles Te regalamos la camiseta de la Selecci\u00f3n y el bal\u00f3n del Mundial \u00a1Tenemos pasi\u00f3n por la Roja! Consigue tu pack de regalo al adquirir tu Volkswagen. Regalo garantizado. \u00bfBuscas un Volkswagen para tu d\u00eda [&hellip;]<\/p>\n","protected":false},"author":1,"featured_media":2551,"parent":0,"menu_order":0,"comment_status":"closed","ping_status":"closed","template":"elementor_canvas","meta":{"_acf_changed":false,"footnotes":""},"class_list":["post-4016","page","type-page","status-publish","has-post-thumbnail","hentry"],"acf":[],"_links":{"self":[{"href":"https:\/\/www.mcondevolkswagen.com\/info\/wp-json\/wp\/v2\/pages\/4016","targetHints":{"allow":["GET"]}}],"collection":[{"href":"https:\/\/www.mcondevolkswagen.com\/info\/wp-json\/wp\/v2\/pages"}],"about":[{"href":"https:\/\/www.mcondevolkswagen.com\/info\/wp-json\/wp\/v2\/types\/page"}],"author":[{"embeddable":true,"href":"https:\/\/www.mcondevolkswagen.com\/info\/wp-json\/wp\/v2\/users\/1"}],"replies":[{"embeddable":true,"href":"https:\/\/www.mcondevolkswagen.com\/info\/wp-json\/wp\/v2\/comments?post=4016"}],"version-history":[{"count":93,"href":"https:\/\/www.mcondevolkswagen.com\/info\/wp-json\/wp\/v2\/pages\/4016\/revisions"}],"predecessor-version":[{"id":4136,"href":"https:\/\/www.mcondevolkswagen.com\/info\/wp-json\/wp\/v2\/pages\/4016\/revisions\/4136"}],"wp:featuredmedia":[{"embeddable":true,"href":"https:\/\/www.mcondevolkswagen.com\/info\/wp-json\/wp\/v2\/media\/2551"}],"wp:attachment":[{"href":"https:\/\/www.mcondevolkswagen.com\/info\/wp-json\/wp\/v2\/media?parent=4016"}],"curies":[{"name":"wp","href":"https:\/\/api.w.org\/{rel}","templated":true}]}}